{"id":770,"date":"2022-05-06T09:37:34","date_gmt":"2022-05-06T09:37:34","guid":{"rendered":"https:\/\/smart2charge.hftstuttgart.hostpress.me\/?page_id=770"},"modified":"2022-09-23T08:49:46","modified_gmt":"2022-09-23T08:49:46","slug":"datenschutzerklaerung","status":"publish","type":"page","link":"https:\/\/smart2charge.hftstuttgart.hostpress.me\/?page_id=770","title":{"rendered":"Datenschutzerkl\u00e4rung"},"content":{"rendered":"<p>[et_pb_section fb_built=&#8220;1&#8243; _builder_version=&#8220;4.16&#8243; global_colors_info=&#8220;{}&#8220;][et_pb_row _builder_version=&#8220;4.16&#8243; background_size=&#8220;initial&#8220; background_position=&#8220;top_left&#8220; background_repeat=&#8220;repeat&#8220; global_colors_info=&#8220;{}&#8220;][et_pb_column type=&#8220;4_4&#8243; _builder_version=&#8220;4.16&#8243; custom_padding=&#8220;|||&#8220; global_colors_info=&#8220;{}&#8220; custom_padding__hover=&#8220;|||&#8220;][et_pb_text _builder_version=&#8220;4.18.0&#8243; background_size=&#8220;initial&#8220; background_position=&#8220;top_left&#8220; background_repeat=&#8220;repeat&#8220; hover_enabled=&#8220;0&#8243; global_colors_info=&#8220;{}&#8220; sticky_enabled=&#8220;0&#8243;]<\/p>\n<p><!-- divi:heading --><span style=\"font-size: large;\"><strong>Datenschutzhinweise<\/strong><\/span><\/p>\n<p><strong>(Datenschutzerkl\u00e4rung Carsharing siehe unten)<\/strong><\/p>\n<p>Die\u00a0Gemeinde W\u00fcstenrot\u00a0nimmt die Vertraulichkeit und Integrit\u00e4t Ihrer personenbezogenen Daten sehr ernst. Soweit anwendbar, werden Ihre personenbezogenen Daten\u00a0f\u00fcr den sicheren technischen Betrieb\u00a0dieser Webseite verarbeitet. Die\u00a0Gemeinde\u00a0W\u00fcstenrot befolgt die gesetzlichen Bestimmungen der EU-Datenschutz Grundverordnung (nachfolgend EU-DSGVO), welche die Verarbeitung personenbezogener Daten regelt.<\/p>\n<p>Damit Sie \u00fcber die Verarbeitung Ihrer personenbezogenen Daten gut informiert entscheiden k\u00f6nnen, ist es wichtig, dass Sie genau wissen,\u00a0welche Daten\u00a0von Ihnen erhoben, zu\u00a0welchem Zweck\u00a0die Daten verarbeitet\u00a0und wie die Daten verwendet werden.<\/p>\n<p><strong>Technische Daten mit Personenbezug<\/strong><\/p>\n<p>Technische Daten mit Personenbezug werden beim Besuch dieser Webseite und ihrer Unterseiten im unten beschriebenen Rahmen erhoben, verarbeitet und gespeichert, um Ihnen dieses Informationsangebot anbieten zu k\u00f6nnen, Die Datenverarbeitung richtet sich mithin auf die Erf\u00fcllung einer vertraglichen Pflicht gem. Art. 6 Abs. 1 lit. b) EU-DSGVO.<\/p>\n<p><strong>Anfrage-Daten<\/strong><\/p>\n<p>F\u00fcr den sicheren Betrieb der Webseite werden von Ihnen folgende\u00a0technische Daten\u00a0verarbeitet, welche unter Umst\u00e4nden R\u00fcckschl\u00fcsse auf Ihre Identit\u00e4t zulassen:<\/p>\n<ul>\n<li>IP-Adresse der Anfrage<\/li>\n<li>Ger\u00e4te-Informationen des anfragenden Ger\u00e4ts<\/li>\n<li>verwendetes Betriebssystem<\/li>\n<li>nutzerspezifische Konfiguration Ihres Browsers<\/li>\n<\/ul>\n<p>Wir werten Daten allein f\u00fcr statistische Zwecke aus, um die Nachfrage der Webangebote zu messen. Wir haben keine M\u00f6glichkeit, diese Daten einer bestimmten Person zuzuordnen. Eine Zusammenf\u00fchrung dieser Daten mit anderen Datenquellen wird nicht vorgenommen. Die IP-Nummern werden f\u00fcr die Dauer des Besuchs erfasst und nicht \u00fcber das Ende des Besuchs hinaus gespeichert. Daten, die beim Zugriff auf das Internetangebot protokolliert wurden, werden an Dritte nur \u00fcbermittelt, soweit wir gesetzlich oder durch Gerichtsentscheidung dazu verpflichtet sind oder die Weitergabe im Falle von Angriffen auf unsere Internetinfrastruktur zur Rechts- oder Strafverfolgung erforderlich ist. Eine Weitergabe in anderen F\u00e4llen erfolgt nicht.<\/p>\n<p><strong>Zu welchem Zweck werden Ihre Daten erhoben?<\/strong><\/p>\n<p>Die Daten werden erhoben um die Stabilit\u00e4t und Sicherheit des Informationsangebots sicherzustellen, beispielsweise um die Ursache einer St\u00f6rung durch Analyse der Anfragedaten zu ermitteln.<\/p>\n<p><strong>Verarbeitung Ihrer personenbezogenen Daten<\/strong><\/p>\n<p>Personenbezogene Daten im Sinn dieser Hinweise sind alle Informationen, mit denen mittelbar oder unmittelbar Ihre Identit\u00e4t bestimmt werden kann (z.B. IP-Adresse) vgl. Art. 4 EU-DSGVO. An einigen Stellen des Internetangebots haben Sie die M\u00f6glichkeit, freiwillig personenbezogene Angaben zu machen. Die \u00fcbermittelten (personenbezogenen) Daten speichern und verwenden wir ausschlie\u00dflich f\u00fcr den Zweck, f\u00fcr den ihre Angabe erfolgte. Eine Weitergabe an Dritte erfolgt nicht. Automatisch gespeicherte Protokolldaten werden nach Ablauf eines begrenzten Zeitraums gel\u00f6scht.<\/p>\n<p><strong>Vertraulichkeit und Sicherheit der Daten<\/strong><\/p>\n<p>Alle Daten werden vertraulich behandelt und nur unter Anwendung von angemessenen Sicherheitsma\u00dfnahmen verarbeitet. Die Daten werden unverz\u00fcglich nach Wegfall des Zwecks, in jedem Fall jedoch binnen 30 Tagen gel\u00f6scht.<\/p>\n<p>Wir weisen darauf hin, dass die Daten\u00fcbertragung im Internet (z.B. bei der Kommunikation per E-Mail) Sicherheitsl\u00fccken aufweisen kann. Ein l\u00fcckenloser Schutz der Daten vor dem Zugriff durch Dritte ist nicht m\u00f6glich.<\/p>\n<p><strong>Weitergabe der Daten an Dritte<\/strong><\/p>\n<p>Ihre Daten werden ausschlie\u00dflich im Rahmen des Betriebs dieser Webseite verarbeitet und nicht an Dritte weitergegen.<\/p>\n<p><strong>Wer ist der Verantwortliche f\u00fcr das Projekt?<\/strong><\/p>\n<p>Verantwortlich f\u00fcr die Verarbeitung (Erhebung, Speicherung, Nutzung) Ihrer o.g. personenbezogenen Daten ist die Gemeinde W\u00fcstenrot. Fragen zur Verarbeitung Ihrer Daten auf der Projekthomepage Smart2Charge richten Sie bitte an:\u00a0<a href=\"mailto:info@gemeinde-wuestenrot.de\">info@gemeinde-wuestenrot.de<\/a>. Die Verantwortung f\u00fcr Inhalt und Pflege der Homepage \u00fcbernimmt die HFT Stuttgart. Nachfragen bitte an: <a href=\"mailto:info@smart2charge.de\">info@smart2charge.de<\/a>.<\/p>\n<p><strong>Ihre Rechte als \u201eBetroffene\/r\u201c<\/strong><\/p>\n<p>Gesetzlich wird Ihnen im Rahmen der EU-DSGVO eine Reihe von Rechten in Bezug auf Ihre pers\u00f6nlichen Daten einger\u00e4umt. Zur Wahrnehmung Ihrer Rechte wenden Sie sich bitte an die unter Punkt sechs genannten.<\/p>\n<p><strong>Auskunft<\/strong><\/p>\n<p>Sie haben das Recht, vom Verantwortlichen\u00a0Auskunft\u00a0dar\u00fcber zu erhalten, ob und welche personenbezogenen Daten von Ihnen verarbeitet werden, zu welchem Zweck dies erfolgt und wer etwaiger Empf\u00e4nger der Daten ist. Bei einer Auskunftsanfrage bitten wir um Verst\u00e4ndnis daf\u00fcr, dass wir dann ggf. Nachweise von Ihnen verlangen, die belegen, dass Sie die Person sind, f\u00fcr die Sie sich ausgeben.<\/p>\n<p><strong>Datenschutzbeauftragter<\/strong><\/p>\n<p>Sollten Sie Fragen zum Datenschutz haben, wenden Sie sich bitte an unseren Datenschutzbeauftragten:<\/p>\n<p>B\u00fcrgermeisteramt W\u00fcstenrot<br \/>Michael K\u00f6hler<br \/>Eichwaldstra\u00dfe 19<br \/>71543 W\u00fcstenrot<br \/>Tel. 07945 919941<\/p>\n<p><a href=\"mailto:Michael.koehler@gemeinde-wuestenrot.de\">Michael.koehler@gemeinde-wuestenrot.de<\/a><\/p>\n<p><strong>Berichtigung, Einschr\u00e4nkung und L\u00f6schung<\/strong><\/p>\n<p>Ferner haben Sie ein Recht auf\u00a0Berichtigung\u00a0oder\u00a0L\u00f6schung\u00a0oder auf\u00a0Einschr\u00e4nkung\u00a0der Verarbeitung, soweit Ihnen dies gesetzlich zusteht.<\/p>\n<p><strong>Widerspruchs- und Beschwerderecht<\/strong><\/p>\n<p>Ferner haben Sie ein\u00a0Widerspruchsrecht\u00a0gegen die Verarbeitung im Rahmen der gesetzlichen Vorgaben. Gleiches gilt f\u00fcr ein Recht auf\u00a0Daten\u00fcbertragbarkeit.<\/p>\n<p>Wenn wir Ihnen nicht zufriedenstellend weiterhelfen k\u00f6nnen und Sie der Ansicht sind, dass die Verarbeitung Ihrer Daten durch den Verantwortlichen nicht datenschutzkonform erfolgt, haben Sie das Recht, sich bei der zust\u00e4ndigen Aufsichtsbeh\u00f6rde zu\u00a0beschweren.<\/p>\n<p>&nbsp;<\/p>\n<p><span style=\"font-size: large;\"><strong><u>Datenschutzerkl\u00e4rung f\u00fcr Smart2Charge Carsharing<\/u><\/strong><\/span><br \/><strong>Stand: M\u00e4rz 2021<\/strong><\/p>\n<p>Wir beachten die Vorschriften des Bundesdatenschutzgesetzes (BDSG), der EU-Datenschutzgrundverordnung (DS-GVO), sowie die weiteren entsprechenden europ\u00e4ischen Regelungen und m\u00f6chten Sie in dieser Datenschutzerkl\u00e4rung ausf\u00fchrlich und transparent \u00fcber die Verarbeitung Ihrer personenbezogenen Daten im Carsharing informieren. Personenbezogene Daten sind alle Daten, die auf Sie pers\u00f6nlich beziehbar sind, z. B. Name, Adresse, E-Mail-Adressen oder Nutzerverhalten. Hinsichtlich der weiteren nachfolgend verwendeten Begriffe, wie bspw. \u201eVerantwortlicher\u201c oder \u201eAuftragsverarbeiter\u201c, verweisen wir auf den Definitionskatalog der Begriffsbestimmungen in Art. 4 DS-GVO.<\/p>\n<p><strong>1. Verantwortlicher<\/strong><\/p>\n<p>Die Verarbeitung personenbezogener Daten im Zusammenhang mit der in unserem Carsharing eingesetzten Software <em>evemo<\/em> erfolgt durch<\/p>\n<p><strong>Gemeinde W\u00fcstenrot<br \/><\/strong>Eichwaldstra\u00dfe 19<br \/>71543 W\u00fcstenrot<\/p>\n<p><strong>info@gemeinde-wuestenrot.de<br \/><\/strong>(nachfolgend \u201e<strong>wir<\/strong>\u201c)<\/p>\n<p>Gerne beantworten wir Ihre Fragen zum Thema Datenschutz und freuen uns \u00fcber Kommentare und Hinweise. Schreiben uns hierzu per E-Mail oder schriftlich an die oben genannte Postanschrift.<\/p>\n<p><strong>2. Zweckbestimmung der Erhebung, Verarbeitung oder Nutzung personenbezogener Daten <\/strong><\/p>\n<p>Wir verarbeiten personenbezogene Daten ausschlie\u00dflich im Rahmen des Arbeits- oder Dienstleistungsvertrags mit dem Betroffenen, um dem jeweiligen Mitarbeiter oder externen Dienstleister die Nutzung der im Smart2Charge Carsharing eingesetzten Software-as-Service L\u00f6sung <em>evemo <\/em>zu erm\u00f6glichen. Rechtsgrundlage ist Art. 6 Abs. 1 lit. b DSGVO.<\/p>\n<p>Zwecke der Datenverarbeitung sind Durchf\u00fchrung und Verwaltung unseres Sharing-Angebots, insbesondere:<\/p>\n<ul>\n<li>Administration von Buchungen<\/li>\n<li>Generierung von Rechnungen<\/li>\n<li>Steuerung der Fahrzeugverf\u00fcgbarkeiten<\/li>\n<li>Kommunikation mit dem Benutzer<\/li>\n<\/ul>\n<p><strong>3. Art der verarbeiteten personenbezogenen Daten <\/strong><\/p>\n<p>Im Rahmen der Nutzung von evemo k\u00f6nnen, abh\u00e4ngig von der jeweiligen Nutzung, die folgenden personenbezogenen Daten verarbeitet werden:<\/p>\n<p><strong style=\"font-size: 14px;\">\u00a0 \u00a0 3.1 User Portal und Sharing App<\/strong><\/p>\n<p>Folgende Punkte gelten f\u00fcr das User Portal sowie f\u00fcr die Sharing App zu denen nur Zugriff f\u00fcr die angemeldeten Benutzer des Sharing-Angebots besteht.<\/p>\n<ul>\n<li><em> <\/em><em>Login<\/em><\/li>\n<\/ul>\n<p><em>F\u00fcr die Anmeldung am User Portal ist die Eingabe von E-Mail-Adresse und Passwort erforderlich.<\/em><em>\u00a0<\/em><\/p>\n<ul>\n<li><em> <\/em><em>Neue Buchung<\/em><\/li>\n<\/ul>\n<p><em>Unter dem Punkt \u201eNeue Buchung\u201c k\u00f6nnen Benutzer eine neue Buchung eines Fahrzeugs vornehmen. Dabei werden folgende Daten verarbeitet:<\/em><\/p>\n<ul>\n<li><em>Name des buchenden Benutzers<\/em><\/li>\n<li><em>gebuchtes Fahrzeug<\/em><\/li>\n<li><em>Start und Ende der Buchung<\/em><\/li>\n<li><em>Startstandort<\/em><\/li>\n<li><em>Zielort der Buchung<\/em><\/li>\n<li><em>Voraussichtlich zur\u00fcckgelegte Strecke<\/em><\/li>\n<li><em>Bemerkung zur Buchung<\/em><\/li>\n<li><em style=\"font-size: 14px;\">\u00a0<\/em><em style=\"font-size: 14px;\">Meine Buchungen<\/em><\/li>\n<\/ul>\n<p><em>Unter dem Punkt \u201eMeine Buchungen\u201c k\u00f6nnen alle vergangen, aktiven und zuk\u00fcnftigen Buchungen eingesehen und bearbeitet werden. Dabei k\u00f6nnen grunds\u00e4tzlich folgende Daten eingesehen und teilweise bearbeitet werden:<\/em><\/p>\n<ul>\n<li><em>Name des buchenden Benutzers<\/em><\/li>\n<li><em>Start und Ende der Buchung<\/em><\/li>\n<li><em>gebuchtes Fahrzeug<\/em><\/li>\n<li><em>Kosten der Buchung<\/em><\/li>\n<li><em>Buchungszeitpunkt<\/em><\/li>\n<li><em>Status der Buchung<\/em><\/li>\n<li><em>Bemerkung zur Buchung<\/em><\/li>\n<li><em> <\/em><em>Mein Benutzerkonto<\/em><\/li>\n<\/ul>\n<ul><\/ul>\n<p><em>Unter dem Punkt \u201eMein Benutzerkonto\u201c kann das eigene Benutzerkonto eingesehen und bearbeitet werden. Dabei werden folgende Daten gespeichert: <\/em><\/p>\n<ul>\n<li><em>Anrede<\/em><\/li>\n<li><em>Vor- und Nachname<\/em><\/li>\n<li><em>E-Mail-Adresse<\/em><\/li>\n<li><em>Adresse<\/em><\/li>\n<li><em>Festnetznummer<\/em><\/li>\n<li><em>Mobilnummer<\/em><\/li>\n<li><em>Einwilligung zur \u00f6ffentlichen Anzeige der Festnetznummer<\/em><\/li>\n<li><em>Einwilligung zur \u00f6ffentlichen Anzeige der Mobilnummer<\/em><\/li>\n<li><em>Geburtsdatum<\/em><\/li>\n<li><em>Rechnungsadressat<\/em><\/li>\n<li><em>Zahlungsinformationen<\/em><\/li>\n<li><em>F\u00fchrerscheininformationen<\/em><\/li>\n<li><em> <\/em><em>Fahrzeugzugriff<\/em><\/li>\n<\/ul>\n<ul><\/ul>\n<p><em>Wenn eine entsprechende Vorrichtung im Fahrzeug verbaut ist, werden beim Start und bei Beendigung einer Buchung sowie jedem zwischenzeitlichen Ent- und Verriegeln des Fahrzeugs folgende Daten verarbeitet:<\/em><\/p>\n<ul>\n<li><em>Gebuchtes Fahrzeug<\/em><\/li>\n<li><em>Aktueller Standort des Benutzers<\/em><\/li>\n<li><em>Aktueller Zeitpunkt<\/em><\/li>\n<\/ul>\n<p><em>\u00a0 \u00a0 <\/em><strong>3.2 Provider Portal<\/strong><\/p>\n<p>Folgende Punkte gelten f\u00fcr das Provider Portal zu dem nur Zugriff f\u00fcr die Administratoren des Sharing-Angebots besteht.<\/p>\n<ol>\n<li><em> <\/em><em>Startseite<\/em><\/li>\n<\/ol>\n<p><em>Auf der \u201eStartseite\u201c werden zuk\u00fcnftige Buchungen anzeigt (Name des Fahrers, Start und Ende der Buchung).<\/em><em>\u00a0<\/em><\/p>\n<p><em>2. Buchungen<\/em><\/p>\n<p><em>Unter dem Punkt \u201eBuchungen\u201c k\u00f6nnen alle vergangen, aktiven und zuk\u00fcnftigen Buchungen eingesehen und bearbeitet werden. Dabei k\u00f6nnen grunds\u00e4tzlich folgende Daten eingesehen und bearbeitet werden:<\/em><\/p>\n<ul>\n<li><em>Name des buchenden Benutzers<\/em><\/li>\n<li><em>Start und Ende der Buchung<\/em><\/li>\n<li><em>Startstandort<\/em><\/li>\n<li><em>gebuchtes Fahrzeug<\/em><\/li>\n<li><em>Kosten der Buchung<\/em><\/li>\n<li><em>Buchungszeitpunkt<\/em><\/li>\n<li><em>Status der Buchung<\/em><\/li>\n<li><em>Zur\u00fcckgelegte Strecke<\/em><\/li>\n<li><em>Zielort (optional)<\/em><\/li>\n<li><em>Bemerkung zur Buchung (optional)<\/em><\/li>\n<\/ul>\n<p><em>Werden die optionalen Module \u201eFahrersuche\u201c oder \u201eMitfahrzentrale\u201c verwendet, wird au\u00dferdem angezeigt, ob diese bei der Buchung ausgew\u00e4hlt wurde. Zudem werden in diesem Fall als weitere Datenpunkte der Zielort sowie eine Bemerkung angezeigt.<\/em><em>\u00a0<\/em><\/p>\n<p><em>3. Accounts<\/em><em><br \/>Unter dem Punkt \u201eAccounts\u201c k\u00f6nnen alle in der Software registrierten Benutzer eingesehen und bearbeitet werden. Dabei werden folgende Daten gespeichert: <\/em><\/p>\n<ul>\n<li><em>Anrede<\/em><\/li>\n<li><em>Vor- und Nachname<\/em><\/li>\n<li><em>E-Mail-Adresse<\/em><\/li>\n<li><em>Adresse<\/em><\/li>\n<li><em>Festnetznummer<\/em><\/li>\n<li><em>Mobilnummer<\/em><\/li>\n<li><em>Einwilligung zur \u00f6ffentlichen Anzeige der Festnetznummer<\/em><\/li>\n<li><em>Einwilligung zur \u00f6ffentlichen Anzeige der Mobilnummer<\/em><\/li>\n<li><em>Geburtsdatum<\/em><\/li>\n<li><em>Rechnungsadressat<\/em><\/li>\n<li><em>Zahlungsinformationen<\/em><\/li>\n<li><em>F\u00fchrerscheininformationen<\/em><em style=\"font-size: 14px;\">\u00a0<\/em><\/li>\n<\/ul>\n<p><em style=\"font-size: 14px;\">4. Rechnungen<\/em><em><\/em><\/p>\n<p><em>Unter dem Punkt \u201eRechnungen\u201c k\u00f6nnen alle vergangenen Rechnungen eingesehen werden. Daten, die auf einer Rechnung angezeigt werden, sind: <\/em><\/p>\n<ul>\n<li><em>Identifikationsnummern der einzelnen Buchungen<\/em><\/li>\n<li><em>Name des Rechnungsadressaten<\/em><\/li>\n<li><em>Name des buchenden Benutzers<\/em><\/li>\n<li><em>einzelne Buchungsbetr\u00e4ge<\/em><\/li>\n<li><em>jeweils die Buchungszeitr\u00e4ume<\/em><\/li>\n<li><em>jeweils zur\u00fcckgelegte Strecken<\/em><\/li>\n<li><em>Gesamtbetrag der Rechnung<\/em><\/li>\n<\/ul>\n<p><em>\u00a0<\/em><em>5. Kalender<\/em><\/p>\n<p><em>Unter dem Punkt \u201eKalender\u201c k\u00f6nnen alle Buchungen in einer Kalenderansicht eingesehen werden. Grunds\u00e4tzlich ist sichtbar wann die Buchung stattfinden (Start Ende). Durch einen Klick auf eine einzelne Buchung \u00f6ffnet sich ein Popup mit weiteren Informationen (Name des Benutzers, gebuchtes Fahrzeug).<\/em><\/p>\n<p><em>\u00a0<\/em><\/p>\n<p><strong>\u00a0 \u00a0 3.3 Berechnung und Darstellung der Fahrzeugstandorte<\/strong><\/p>\n<p>Zum Zwecke der Berechnung und Darstellung der Fahrzeugstandorte nutzen wir Kartendienst von Google (Google LLC, 1600 Amphitheatre Parkway Mountain View, California 94043 USA). Dabei werden folgende personenbezogene Daten verarbeitet, die zur Nutzung von evemo erforderlich sind. Rechtsgrundlage ist Art. 6 Abs. 1 S. 1 lit. B DS-GVO (Vertragsdurchf\u00fchrung).<\/p>\n<ul>\n<li>Anzeige des Fahrzeugstandorts auf einer Karte<\/li>\n<li>Anzeige des eigenen Standorts auf einer Karte<\/li>\n<li>Umwandlung der Adresse in geographische Koordinaten beim Anlegen oder Bearbeiten eines Fahrzeugstandorts<\/li>\n<\/ul>\n<p>&nbsp;<\/p>\n<p><strong>\u00a0 \u00a0 3.4 Protokollierung von Aktionen<\/strong><\/p>\n<p>Zum Zwecke eines sicheren Betriebs der Buchungssoftware, sowie zur Nachvollziehbarkeit bei Problemen und Diagnosezwecken werden verschiedene Aktionen im Benutzer- und Verwaltungsbereich protokolliert, d.h. es werden Zeitpunkt, Art, Inhalt, Ausf\u00fchrer und Ergebnis der Aktion gespeichert. Hierzu z\u00e4hlen insbesondere das Anlegen, Bearbeiten und L\u00f6schen von Daten wie z.B. Buchungen sowie das Ent- und Verriegeln von Fahrzeugen.<\/p>\n<p><strong>\u00a0 \u00a0 3.5 Telematik<\/strong><\/p>\n<p>Der Einsatz von Hardware zum Abruf von Telematikdaten ist optional. Telematikdaten werden f\u00fcr folgende Zwecke verwendet:<\/p>\n<ul>\n<li>Fahrzeugortung (GPS-Koordinaten)\n<ul>\n<li>beim Starten und Beenden von Buchungen sowie beim Aufschlie\u00dfen und Abschlie\u00dfen von Fahrzeugen (zur \u00dcberpr\u00fcfung von Geozonen, z.B. R\u00fcckgabe nur an Station)<\/li>\n<li>zur Anzeige des aktuellen Fahrzeugstandorts bei stationsunabh\u00e4ngigen Verleihsystemen<\/li>\n<li>im Diebstahlsfall<\/li>\n<\/ul>\n<\/li>\n<li>Abrechnung\/Fahrtenbuch\n<ul>\n<li>Erfassung von Km-St\u00e4nden beim Starten\/Beenden von Buchungen<\/li>\n<li>Erfassung von Standzeiten (z.B. bei Tarifen, die g\u00fcnstigeres Parken erlauben)<\/li>\n<\/ul>\n<\/li>\n<li>Fahrzeugstatus (z.B. Km-Stand, Fahrzeugstandort (L\u00e4ngengrad, Breitengrad), Motor, T\u00fcren, Ladekabel, Tankf\u00fcllstand\/Ladestand, Diagnosemeldungen)\n<ul>\n<li>zur Validierung beim Starten\/Beenden von Buchungen (z.B. T\u00fcren verschlossen bei R\u00fcckgabe)<\/li>\n<li>zur Anzeige in der Sharing App und im User Portal sowie Provider Portal (Information f\u00fcr Benutzer und Administratoren)<\/li>\n<\/ul>\n<\/li>\n<\/ul>\n<p><strong style=\"font-size: 14px;\">4. Dauer der Speicherung von personenbezogenen Daten bzw. Kriterien f\u00fcr die Speicherdauer<\/strong><\/p>\n<p>Wir l\u00f6schen personenbezogene Daten, nachdem die Speicherung zur Vertragsabwicklung bzw. Durchf\u00fchrung nicht mehr erforderlich ist und keine berechtigten Interessen unsererseits oder gesetzliche Aufbewahrungspflichten (\u00a7 147 Abgabenordnung, \u00a7 257 Handelsgesetzbuch) einer L\u00f6schung entgegenstehen.<\/p>\n<p><strong style=\"font-size: 14px;\">5. Schutz personenbezogener Daten<\/strong><\/p>\n<p>Wir sichern durch ein B\u00fcndel von technischen und organisatorischen Ma\u00dfnahmen entsprechend dem Stand der Technik sowohl unsere Website wie auch die in unserem Verantwortungsbereich gespeicherten Daten gegen Verlust, Zerst\u00f6rung, unberechtigtem Zugriff, Ver\u00e4nderungen oder Ver\u00f6ffentlichung durch unberechtigte Personen.<\/p>\n<p>Die Eingabe und \u00dcbertragung der personenbezogenen Daten erfolgt verschl\u00fcsselt nach dem SSL-Verfahren (Secure-Socket-Layer).<\/p>\n<p><strong>\u00a0 \u00a0 Was ist SSL?<\/strong><\/p>\n<p>Eine mit SSL verschl\u00fcsselte Website \u00fcbertr\u00e4gt pers\u00f6nliche Daten verschl\u00fcsselt an den Server, damit es f\u00fcr Dritte unm\u00f6glich ist, diese abzufangen oder zu lesen. Durch ein Zertifikat wird unsere Identit\u00e4t verifiziert. Sie k\u00f6nnen je nach Browser durch die gr\u00fcne Adressleiste und\/oder das Schloss erkennen, dass eine sichere Verbindung besteht. Durch einen Klick auf das Schloss oder die gr\u00fcne Adressleiste k\u00f6nnen Sie unseren Online-Identit\u00e4tsnachweis lesen.<\/p>\n<p><strong>\u00a0 \u00a0 Was bringt Ihnen SSL? <\/strong><\/p>\n<p>Durch die Verschl\u00fcsselung der \u00dcbertragung k\u00f6nnen Sie davon ausgehen, dass Ihre eingegebenen Daten nur von uns gelesen werden k\u00f6nnen. Sie k\u00f6nnen durch die gr\u00fcne Adressleiste erkennen, dass Sie mit unserem Server verbunden sind und es sich nicht um die Seite eines Fremdanbieters handelt.<\/p>\n<p><strong style=\"font-size: 14px;\">6. Weitergabe an Dritte, Kategorien von Empf\u00e4ngern von Daten<\/strong><\/p>\n<p>Wir geben Ihre Daten im Rahmen der Erf\u00fcllung unserer Pflichten aus den zugrunde liegenden Vertr\u00e4gen nach Art. 6 Abs. 1 lit. b DS-GVO an Dritte weiter, sofern dies f\u00fcr die Abwicklung des Vertragsverh\u00e4ltnisses erforderlich ist. Dar\u00fcber hinaus setzen wir externe technische Dienstleister, als Auftragsverarbeiter nach Art. 28 DS-GVO ein, die von uns sorgf\u00e4ltig ausgew\u00e4hlt und \u00fcberwacht werden.<\/p>\n<p><strong style=\"font-size: 14px;\">7. Verwendung von Cookies<\/strong><\/p>\n<p>Um s\u00e4mtliche Funktionalit\u00e4ten unserer SaaS-L\u00f6sung anbieten zu k\u00f6nnen, verwenden wir auf verschiedenen Seiten, sogenannte Cookies. Cookies sind Textdateien, die Informationen enthalten, um wiederkehrende Besucher ausschlie\u00dflich f\u00fcr die Dauer des Besuches auf der Webseite zu identifizieren. Cookies werden auf der Festplatte Ihres Computers abgespeichert und richten dort keinen Schaden an. Die Cookies der Webseite enthalten pers\u00f6nliche Daten. Cookies ersparen Ihnen die Mehrfacheingabe von Daten, erleichtern die \u00dcbermittlung spezifischer Inhalte und helfen uns bei der Identifizierung besonders popul\u00e4rer Bereiche unseres Internetauftrittes. Sie erm\u00f6glichen uns damit, Struktur und Inhalte unseres Angebots stetig zu verbessern. Rechtsgrundlage ist Art. 6 Abs. 1 lit. b DS-GVO.<\/p>\n<p><strong style=\"font-size: 14px;\">8. Rechte der Betroffenen<\/strong><\/p>\n<p>Sie haben Recht gegen\u00fcber uns folgende Rechte hinsichtlich der Sie betreffenden personenbezogenen Daten:<\/p>\n<ul>\n<li>Recht auf Auskunft nach Art. 15 DS-GVO,<\/li>\n<li>Recht auf Berichtigung oder L\u00f6schung nach Art. 16 DS-GVO bzw. Art. 17 DS-GVO,<\/li>\n<li>Recht auf Einschr\u00e4nkung der Verarbeitung nach Art. 18 DS-GVO,<\/li>\n<li>Recht auf Daten\u00fcbertragbarkeit nach Art. 20 DS-GVO,<\/li>\n<li>Recht auf Widerspruch gegen die Verarbeitung nach Art. 21 DS-GVO.<\/li>\n<\/ul>\n<p>Sie haben zudem das Recht, sich bei einer Datenschutz-Aufsichtsbeh\u00f6rde \u00fcber die Verarbeitung Ihrer personenbezogenen Daten durch uns zu beschweren.<\/p>\n<p><strong style=\"font-size: 14px;\">9. Widerspruch oder Widerruf gegen die Verarbeitung<\/strong><\/p>\n<p>Falls Sie eine Einwilligung zur Verarbeitung Ihrer Daten erteilt haben, k\u00f6nnen Sie diese jederzeit widerrufen. Ein solcher Widerruf beeinflusst die Zul\u00e4ssigkeit der Verarbeitung Ihrer personenbezogenen Daten, nachdem Sie ihn gegen\u00fcber uns ausgesprochen haben.<\/p>\n<p><strong>Soweit wir die Verarbeitung Ihrer personenbezogenen Daten auf die Interessenabw\u00e4gung st\u00fctzen, k\u00f6nnen Sie Widerspruch gegen die Verarbeitung einlegen. Dies ist der Fall, wenn die Verarbeitung insbesondere nicht zur Erf\u00fcllung eines Vertrags mit Ihnen erforderlich ist, was von uns jeweils bei der nachfolgenden Beschreibung der Funktionen dargestellt wird. Bei Aus\u00fcbung eines solchen Widerspruchs bitten wir um Darlegung der Gr\u00fcnde, weshalb wir Ihre personenbezogenen Daten nicht wie von uns durchgef\u00fchrt verarbeiten sollten. Im Falle Ihres begr\u00fcndeten Widerspruchs pr\u00fcfen wir die Sachlage und werden entweder die Datenverarbeitung einstellen bzw. anpassen oder Ihnen unsere zwingenden schutzw\u00fcrdigen Gr\u00fcnde aufzeigen, aufgrund derer wir die Verarbeitung fortf\u00fchren.<\/strong><\/p>\n<p><strong>10. <\/strong><strong style=\"font-size: 14px;\">\u00c4nderung der Datenschutzerkl\u00e4rung<\/strong><\/p>\n<p>Wir behalten uns vor, diese Datenschutzerkl\u00e4rung in regelm\u00e4\u00dfigen Abst\u00e4nden den zugrunde liegenden Prozessen anzupassen. \u00dcber eine \u00c4nderung der Datenschutzerkl\u00e4rung werden wir Sie informieren.<\/p>\n<p>&nbsp;<\/p>\n<p>&nbsp;<\/p>\n<p>&nbsp;<\/p>\n<p>&nbsp;<\/p>\n<p>&nbsp;<\/p>\n<p>&nbsp;<\/p>\n<p>&nbsp;<\/p>\n<p>&nbsp;<\/p>\n<p>&nbsp;<\/p>\n<p>&nbsp;<\/p>\n<p>&nbsp;<\/p>\n<p>&nbsp;<\/p>\n<p>&nbsp;<\/p>\n<p><!-- \/divi:paragraph --><\/p>\n<p>[\/et_pb_text][\/et_pb_column][\/et_pb_row][\/et_pb_section]<\/p>\n","protected":false},"excerpt":{"rendered":"<p>Datenschutzhinweise (Datenschutzerkl\u00e4rung Carsharing siehe unten) Die\u00a0Gemeinde W\u00fcstenrot\u00a0nimmt die Vertraulichkeit und Integrit\u00e4t Ihrer personenbezogenen Daten sehr ernst. Soweit anwendbar, werden Ihre personenbezogenen Daten\u00a0f\u00fcr den sicheren technischen Betrieb\u00a0dieser Webseite verarbeitet. Die\u00a0Gemeinde\u00a0W\u00fcstenrot befolgt die gesetzlichen Bestimmungen der EU-Datenschutz Grundverordnung (nachfolgend EU-DSGVO), welche die Verarbeitung personenbezogener Daten regelt. Damit Sie \u00fcber die Verarbeitung Ihrer personenbezogenen Daten gut informiert entscheiden [&hellip;]<\/p>\n","protected":false},"author":2,"featured_media":0,"parent":0,"menu_order":0,"comment_status":"closed","ping_status":"closed","template":"","meta":{"_et_pb_use_builder":"on","_et_pb_old_content":"<!-- wp:heading -->\n<h2>Wer wir sind<\/h2>\n<!-- \/wp:heading -->\n\n<!-- wp:paragraph -->\n<p><strong class=\"privacy-policy-tutorial\">Textvorschlag: <\/strong>Die Adresse unserer Website ist: https:\/\/smart2charge.hftstuttgart.hostpress.me.<\/p>\n<!-- \/wp:paragraph -->\n\n<!-- wp:heading -->\n<h2>Kommentare<\/h2>\n<!-- \/wp:heading -->\n\n<!-- wp:paragraph -->\n<p><strong class=\"privacy-policy-tutorial\">Textvorschlag: <\/strong>Wenn Besucher Kommentare auf der Website schreiben, sammeln wir die Daten, die im Kommentar-Formular angezeigt werden, au\u00dferdem die IP-Adresse des Besuchers und den User-Agent-String (damit wird der Browser identifiziert), um die Erkennung von Spam zu unterst\u00fctzen.<\/p>\n<!-- \/wp:paragraph -->\n\n<!-- wp:paragraph -->\n<p>Aus deiner E-Mail-Adresse kann eine anonymisierte Zeichenfolge erstellt (auch Hash genannt) und dem Gravatar-Dienst \u00fcbergeben werden, um zu pr\u00fcfen, ob du diesen benutzt. Die Datenschutzerkl\u00e4rung des Gravatar-Dienstes findest du hier: https:\/\/automattic.com\/privacy\/. Nachdem dein Kommentar freigegeben wurde, ist dein Profilbild \u00f6ffentlich im Kontext deines Kommentars sichtbar.<\/p>\n<!-- \/wp:paragraph -->\n\n<!-- wp:heading -->\n<h2>Medien<\/h2>\n<!-- \/wp:heading -->\n\n<!-- wp:paragraph -->\n<p><strong class=\"privacy-policy-tutorial\">Textvorschlag: <\/strong>Wenn du ein registrierter Benutzer bist und Fotos auf diese Website l\u00e4dst, solltest du vermeiden, Fotos mit einem EXIF-GPS-Standort hochzuladen. Besucher dieser Website k\u00f6nnten Fotos, die auf dieser Website gespeichert sind, herunterladen und deren Standort-Informationen extrahieren.<\/p>\n<!-- \/wp:paragraph -->\n\n<!-- wp:heading -->\n<h2>Cookies<\/h2>\n<!-- \/wp:heading -->\n\n<!-- wp:paragraph -->\n<p><strong class=\"privacy-policy-tutorial\">Textvorschlag: <\/strong>Wenn du einen Kommentar auf unserer Website schreibst, kann das eine Einwilligung sein, deinen Namen, E-Mail-Adresse und Website in Cookies zu speichern. Dies ist eine Komfortfunktion, damit du nicht, wenn du einen weiteren Kommentar schreibst, all diese Daten erneut eingeben musst. Diese Cookies werden ein Jahr lang gespeichert.<\/p>\n<!-- \/wp:paragraph -->\n\n<!-- wp:paragraph -->\n<p>Falls du ein Konto hast und dich auf dieser Website anmeldest, werden wir ein tempor\u00e4res Cookie setzen, um festzustellen, ob dein Browser Cookies akzeptiert. Dieses Cookie enth\u00e4lt keine personenbezogenen Daten und wird verworfen, wenn du deinen Browser schlie\u00dft.<\/p>\n<!-- \/wp:paragraph -->\n\n<!-- wp:paragraph -->\n<p>Wenn du dich anmeldest, werden wir einige Cookies einrichten, um deine Anmeldeinformationen und Anzeigeoptionen zu speichern. Anmelde-Cookies verfallen nach zwei Tagen und Cookies f\u00fcr die Anzeigeoptionen nach einem Jahr. Falls du bei der Anmeldung \u201eAngemeldet bleiben\u201c ausw\u00e4hlst, wird deine Anmeldung zwei Wochen lang aufrechterhalten. Mit der Abmeldung aus deinem Konto werden die Anmelde-Cookies gel\u00f6scht.<\/p>\n<!-- \/wp:paragraph -->\n\n<!-- wp:paragraph -->\n<p>Wenn du einen Artikel bearbeitest oder ver\u00f6ffentlichst, wird ein zus\u00e4tzlicher Cookie in deinem Browser gespeichert. Dieser Cookie enth\u00e4lt keine personenbezogenen Daten und verweist nur auf die Beitrags-ID des Artikels, den du gerade bearbeitet hast. Der Cookie verf\u00e4llt nach einem Tag.<\/p>\n<!-- \/wp:paragraph -->\n\n<!-- wp:heading -->\n<h2>Eingebettete Inhalte von anderen Websites<\/h2>\n<!-- \/wp:heading -->\n\n<!-- wp:paragraph -->\n<p><strong class=\"privacy-policy-tutorial\">Textvorschlag: <\/strong>Beitr\u00e4ge auf dieser Website k\u00f6nnen eingebettete Inhalte beinhalten (z.&nbsp;B. Videos, Bilder, Beitr\u00e4ge etc.). Eingebettete Inhalte von anderen Websites verhalten sich exakt so, als ob der Besucher die andere Website besucht h\u00e4tte.<\/p>\n<!-- \/wp:paragraph -->\n\n<!-- wp:paragraph -->\n<p>Diese Websites k\u00f6nnen Daten \u00fcber dich sammeln, Cookies benutzen, zus\u00e4tzliche Tracking-Dienste von Dritten einbetten und deine Interaktion mit diesem eingebetteten Inhalt aufzeichnen, inklusive deiner Interaktion mit dem eingebetteten Inhalt, falls du ein Konto hast und auf dieser Website angemeldet bist.<\/p>\n<!-- \/wp:paragraph -->\n\n<!-- wp:heading -->\n<h2>Mit wem wir deine Daten teilen<\/h2>\n<!-- \/wp:heading -->\n\n<!-- wp:paragraph -->\n<p><strong class=\"privacy-policy-tutorial\">Textvorschlag: <\/strong>Wenn du eine Zur\u00fccksetzung des Passworts beantragst, wird deine IP-Adresse in der E-Mail zur Zur\u00fccksetzung enthalten sein.<\/p>\n<!-- \/wp:paragraph -->\n\n<!-- wp:heading -->\n<h2>Wie lange wir deine Daten speichern<\/h2>\n<!-- \/wp:heading -->\n\n<!-- wp:paragraph -->\n<p><strong class=\"privacy-policy-tutorial\">Textvorschlag: <\/strong>Wenn du einen Kommentar schreibst, wird dieser inklusive Metadaten zeitlich unbegrenzt gespeichert. Auf diese Art k\u00f6nnen wir Folgekommentare automatisch erkennen und freigeben, anstatt sie in einer Moderations-Warteschlange festzuhalten.<\/p>\n<!-- \/wp:paragraph -->\n\n<!-- wp:paragraph -->\n<p>F\u00fcr Benutzer, die sich auf unserer Website registrieren, speichern wir zus\u00e4tzlich die pers\u00f6nlichen Informationen, die sie in ihren Benutzerprofilen angeben. Alle Benutzer k\u00f6nnen jederzeit ihre pers\u00f6nlichen Informationen einsehen, ver\u00e4ndern oder l\u00f6schen (der Benutzername kann nicht ver\u00e4ndert werden). Administratoren der Website k\u00f6nnen diese Informationen ebenfalls einsehen und ver\u00e4ndern.<\/p>\n<!-- \/wp:paragraph -->\n\n<!-- wp:heading -->\n<h2>Welche Rechte du an deinen Daten hast<\/h2>\n<!-- \/wp:heading -->\n\n<!-- wp:paragraph -->\n<p><strong class=\"privacy-policy-tutorial\">Textvorschlag: <\/strong>Wenn du ein Konto auf dieser Website besitzt oder Kommentare geschrieben hast, kannst du einen Export deiner personenbezogenen Daten bei uns anfordern, inklusive aller Daten, die du uns mitgeteilt hast. Dar\u00fcber hinaus kannst du die L\u00f6schung aller personenbezogenen Daten, die wir von dir gespeichert haben, anfordern. Dies umfasst nicht die Daten, die wir aufgrund administrativer, rechtlicher oder sicherheitsrelevanter Notwendigkeiten aufbewahren m\u00fcssen.<\/p>\n<!-- \/wp:paragraph -->\n\n<!-- wp:heading -->\n<h2>Wohin wir deine Daten senden<\/h2>\n<!-- \/wp:heading -->\n\n<!-- wp:paragraph -->\n<p><strong class=\"privacy-policy-tutorial\">Textvorschlag: <\/strong>Besucher-Kommentare k\u00f6nnten von einem automatisierten Dienst zur Spam-Erkennung untersucht werden.<\/p>\n<!-- \/wp:paragraph -->","_et_gb_content_width":"","footnotes":""},"class_list":["post-770","page","type-page","status-publish","hentry"],"_links":{"self":[{"href":"https:\/\/smart2charge.hftstuttgart.hostpress.me\/index.php?rest_route=\/wp\/v2\/pages\/770","targetHints":{"allow":["GET"]}}],"collection":[{"href":"https:\/\/smart2charge.hftstuttgart.hostpress.me\/index.php?rest_route=\/wp\/v2\/pages"}],"about":[{"href":"https:\/\/smart2charge.hftstuttgart.hostpress.me\/index.php?rest_route=\/wp\/v2\/types\/page"}],"author":[{"embeddable":true,"href":"https:\/\/smart2charge.hftstuttgart.hostpress.me\/index.php?rest_route=\/wp\/v2\/users\/2"}],"replies":[{"embeddable":true,"href":"https:\/\/smart2charge.hftstuttgart.hostpress.me\/index.php?rest_route=%2Fwp%2Fv2%2Fcomments&post=770"}],"version-history":[{"count":10,"href":"https:\/\/smart2charge.hftstuttgart.hostpress.me\/index.php?rest_route=\/wp\/v2\/pages\/770\/revisions"}],"predecessor-version":[{"id":1134,"href":"https:\/\/smart2charge.hftstuttgart.hostpress.me\/index.php?rest_route=\/wp\/v2\/pages\/770\/revisions\/1134"}],"wp:attachment":[{"href":"https:\/\/smart2charge.hftstuttgart.hostpress.me\/index.php?rest_route=%2Fwp%2Fv2%2Fmedia&parent=770"}],"curies":[{"name":"wp","href":"https:\/\/api.w.org\/{rel}","templated":true}]}}