{"id":324,"date":"2021-06-29T22:22:00","date_gmt":"2021-06-29T22:22:00","guid":{"rendered":"https:\/\/smart2charge.hftstuttgart.hostpress.me\/?page_id=324"},"modified":"2022-05-10T11:26:46","modified_gmt":"2022-05-10T11:26:46","slug":"modell-gemeinde","status":"publish","type":"page","link":"https:\/\/smart2charge.hftstuttgart.hostpress.me\/?page_id=324","title":{"rendered":"Modell-Gemeinde"},"content":{"rendered":"<p>[et_pb_section fb_built=&#8220;1&#8243; fullwidth=&#8220;on&#8220; admin_label=&#8220;Page Header&#8220; _builder_version=&#8220;4.16&#8243; background_image=&#8220;https:\/\/smart2charge.hftstuttgart.hostpress.me\/wp-content\/uploads\/2022\/01\/Heilbronn-von-Obba\u00a6en-30schmal-scaled.jpg&#8220; background_position=&#8220;top_center&#8220; max_width=&#8220;100%&#8220; min_height=&#8220;559px&#8220; height=&#8220;559px&#8220; max_height=&#8220;552px&#8220; custom_padding=&#8220;||385px|||&#8220; global_colors_info=&#8220;{}&#8220;][\/et_pb_section][et_pb_section fb_built=&#8220;1&#8243; admin_label=&#8220;Services&#8220; _builder_version=&#8220;4.16&#8243; custom_padding=&#8220;50px||9px|||&#8220; locked=&#8220;off&#8220; global_colors_info=&#8220;{}&#8220;][et_pb_row _builder_version=&#8220;4.16&#8243; background_size=&#8220;initial&#8220; background_position=&#8220;top_left&#8220; background_repeat=&#8220;repeat&#8220; custom_width_px=&#8220;710px&#8220; global_colors_info=&#8220;{}&#8220;][et_pb_column type=&#8220;4_4&#8243; _builder_version=&#8220;4.16&#8243; background_position=&#8220;top_left&#8220; custom_padding=&#8220;|||&#8220; global_colors_info=&#8220;{}&#8220; custom_padding__hover=&#8220;|||&#8220;][et_pb_text admin_label=&#8220;Services Section Subtitle&#8220; _builder_version=&#8220;4.16&#8243; text_font_size=&#8220;16px&#8220; text_line_height=&#8220;1.9em&#8220; background_size=&#8220;initial&#8220; background_position=&#8220;top_left&#8220; background_repeat=&#8220;repeat&#8220; text_orientation=&#8220;center&#8220; max_width=&#8220;710px&#8220; module_alignment=&#8220;center&#8220; animation_style=&#8220;fold&#8220; animation_direction=&#8220;bottom&#8220; animation_intensity_fold=&#8220;20%&#8220; global_colors_info=&#8220;{}&#8220;]<\/p>\n<p><strong>W\u00fcstenrot<\/strong> ist eine zukunftsweisende Gemeinde, die mit dem Ziel, zeitnah zur \u201a<strong>Plusenergiegemeinde<\/strong>\u2018 zu werden eine Vorreiterrolle im Rahmen der Energiewende einnimmt. Sie liegt im S\u00fcdosten des Landkreises Heilbronn und ihre Einwohnerzahl bel\u00e4uft sich derzeit auf rund 6.800 Einwohner.<\/p>\n<p>[\/et_pb_text][\/et_pb_column][\/et_pb_row][et_pb_row _builder_version=&#8220;4.16&#8243; _module_preset=&#8220;default&#8220; global_colors_info=&#8220;{}&#8220;][et_pb_column type=&#8220;4_4&#8243; _builder_version=&#8220;4.16&#8243; _module_preset=&#8220;default&#8220; global_colors_info=&#8220;{}&#8220;][lwp_image_carousel gallery_ids=&#8220;865,857,856,861,854,862,860,864,858,855,859,853,863&#8243; autoplay_animation=&#8220;on&#8220; autoplay_animation_speed=&#8220;1200ms&#8220; slide_animation_speed=&#8220;600ms&#8220; infinite_animation=&#8220;on&#8220; arrow_color=&#8220;gcid-3f945d66-6725-4f00-8736-ce303b16e8d4&#8243; dots_color=&#8220;gcid-3f945d66-6725-4f00-8736-ce303b16e8d4&#8243; _builder_version=&#8220;4.17.3&#8243; _module_preset=&#8220;default&#8220; module_alignment=&#8220;center&#8220; border_radii_image=&#8220;on|10px|10px|10px|10px&#8220; box_shadow_style_image=&#8220;preset1&#8243; box_shadow_spread_image=&#8220;-5px&#8220; global_colors_info=&#8220;{%22gcid-3f945d66-6725-4f00-8736-ce303b16e8d4%22:%91%22arrow_color%22,%22dots_color%22%93}&#8220;][\/lwp_image_carousel][\/et_pb_column][\/et_pb_row][et_pb_row _builder_version=&#8220;4.16&#8243; _module_preset=&#8220;default&#8220; global_colors_info=&#8220;{}&#8220;][et_pb_column type=&#8220;4_4&#8243; _builder_version=&#8220;4.16&#8243; _module_preset=&#8220;default&#8220; global_colors_info=&#8220;{}&#8220;][et_pb_text admin_label=&#8220;Services Section Subtitle&#8220; _builder_version=&#8220;4.17.3&#8243; text_font_size=&#8220;16px&#8220; text_line_height=&#8220;1.9em&#8220; background_size=&#8220;initial&#8220; background_position=&#8220;top_left&#8220; background_repeat=&#8220;repeat&#8220; text_orientation=&#8220;center&#8220; max_width=&#8220;710px&#8220; module_alignment=&#8220;center&#8220; min_height=&#8220;146.6px&#8220; animation_direction=&#8220;bottom&#8220; global_module=&#8220;332&#8243; saved_tabs=&#8220;all&#8220; global_colors_info=&#8220;{}&#8220;]<\/p>\n<p>Der Standard \u201ePlusenergie\u201c wird erreicht, wenn die Gewinnung regenerativer Energie den Verbrauch an Prim\u00e4renergie in der Kommune<br \/>\u00fcbersteigt. Mit mehreren Forschungsvorhaben ist die Gemeinde als kommunaler Partner in enger Kooperation mit der Hochschule f\u00fcr Technik Stuttgart bestrebt, ihre Zielsetzung entschieden voranzutreiben.<\/p>\n<p>[\/et_pb_text][\/et_pb_column][\/et_pb_row][\/et_pb_section][et_pb_section fb_built=&#8220;1&#8243; admin_label=&#8220;Video&#8220; _builder_version=&#8220;4.16&#8243; custom_padding=&#8220;0px||0px|&#8220; animation_style=&#8220;fold&#8220; animation_direction=&#8220;bottom&#8220; animation_intensity_fold=&#8220;4%&#8220; global_colors_info=&#8220;{}&#8220;][et_pb_row use_custom_gutter=&#8220;on&#8220; gutter_width=&#8220;1&#8243; make_equal=&#8220;on&#8220; module_class=&#8220; et_pb_row_fullwidth&#8220; _builder_version=&#8220;4.16&#8243; background_size=&#8220;initial&#8220; background_position=&#8220;top_left&#8220; background_repeat=&#8220;repeat&#8220; width=&#8220;100%&#8220; width_tablet=&#8220;100%&#8220; width_phone=&#8220;100%&#8220; width_last_edited=&#8220;on|desktop&#8220; max_width=&#8220;100%&#8220; max_width_tablet=&#8220;100%&#8220; max_width_phone=&#8220;100%&#8220; max_width_last_edited=&#8220;on|desktop&#8220; custom_margin=&#8220;|||&#8220; custom_padding=&#8220;0px|0px|0px|0px&#8220; make_fullwidth=&#8220;on&#8220; global_colors_info=&#8220;{}&#8220;][et_pb_column type=&#8220;4_4&#8243; _builder_version=&#8220;4.16&#8243; background_position=&#8220;top_left&#8220; custom_padding=&#8220;|||&#8220; global_colors_info=&#8220;{}&#8220; custom_padding__hover=&#8220;|||&#8220;][et_pb_video src=&#8220;https:\/\/smart2charge.hftstuttgart.hostpress.me\/wp-content\/uploads\/2021\/06\/Vorreiter_beim_Klimaschutz.mp4&#8243; play_icon_color=&#8220;#ffffff&#8220; thumbnail_overlay_color=&#8220;RGBA(255,255,255,0)&#8220; play_icon_color_tablet=&#8220;#ffffff&#8220; play_icon_color_phone=&#8220;#ffffff&#8220; play_icon_color_last_edited=&#8220;on|desktop&#8220; _builder_version=&#8220;4.17.3&#8243; width_tablet=&#8220;&#8220; width_phone=&#8220;&#8220; width_last_edited=&#8220;on|desktop&#8220; max_width=&#8220;50%&#8220; max_width_tablet=&#8220;75%&#8220; max_width_phone=&#8220;75%&#8220; max_width_last_edited=&#8220;on|tablet&#8220; module_alignment=&#8220;center&#8220; min_height=&#8220;506px&#8220; min_height_tablet=&#8220;400px&#8220; min_height_phone=&#8220;400px&#8220; min_height_last_edited=&#8220;on|tablet&#8220; height=&#8220;358px&#8220; height_tablet=&#8220;358px&#8220; height_phone=&#8220;358px&#8220; height_last_edited=&#8220;on|tablet&#8220; max_height=&#8220;696px&#8220; max_height_tablet=&#8220;696px&#8220; max_height_phone=&#8220;696px&#8220; max_height_last_edited=&#8220;on|tablet&#8220; custom_padding=&#8220;||0px|||&#8220; global_colors_info=&#8220;{}&#8220; play_icon_color__hover_enabled=&#8220;off|desktop&#8220;][\/et_pb_video][\/et_pb_column][\/et_pb_row][\/et_pb_section][et_pb_section fb_built=&#8220;1&#8243; custom_padding_last_edited=&#8220;on|phone&#8220; admin_label=&#8220;Our Team&#8220; _builder_version=&#8220;4.17.3&#8243; height_tablet=&#8220;&#8220; height_phone=&#8220;&#8220; height_last_edited=&#8220;on|phone&#8220; custom_padding=&#8220;46px||90px|||&#8220; custom_padding_tablet=&#8220;46px||90px|||&#8220; custom_padding_phone=&#8220;0px||||false|false&#8220; global_colors_info=&#8220;{}&#8220;][et_pb_row _builder_version=&#8220;4.16&#8243; background_size=&#8220;initial&#8220; background_position=&#8220;top_left&#8220; background_repeat=&#8220;repeat&#8220; custom_width_px=&#8220;710px&#8220; locked=&#8220;off&#8220; global_colors_info=&#8220;{}&#8220;][et_pb_column type=&#8220;4_4&#8243; _builder_version=&#8220;4.16&#8243; background_position=&#8220;top_left&#8220; custom_padding=&#8220;|||&#8220; global_colors_info=&#8220;{}&#8220; custom_padding__hover=&#8220;|||&#8220;][et_pb_text admin_label=&#8220;Team Section Subtitle&#8220; _builder_version=&#8220;4.17.3&#8243; text_font_size=&#8220;16px&#8220; text_line_height=&#8220;1.9em&#8220; background_size=&#8220;initial&#8220; background_position=&#8220;top_left&#8220; background_repeat=&#8220;repeat&#8220; text_orientation=&#8220;center&#8220; max_width=&#8220;710px&#8220; module_alignment=&#8220;center&#8220; custom_margin=&#8220;||||false|false&#8220; custom_margin_tablet=&#8220;||||false|false&#8220; custom_margin_phone=&#8220;||||false|false&#8220; custom_margin_last_edited=&#8220;on|desktop&#8220; animation_style=&#8220;fold&#8220; animation_direction=&#8220;bottom&#8220; animation_intensity_fold=&#8220;20%&#8220; global_colors_info=&#8220;{}&#8220;]<\/p>\n<p>Die Gemeinde W\u00fcstenrot ist nun in einer weiteren Projektzusammenarbeit mit der Hochschule f\u00fcr Technik in Stuttgart bestrebt, als konsequente Weiterentwicklung ihrer Gesamtstrategie den Ausbau der Elektromobilit\u00e4t schnell voranzuschreiten, um auch hier eine Vorreiterrolle als Leuchtturm f\u00fcr Kommunen im l\u00e4ndlichen Raum einzunehmen. Der Mobilit\u00e4tssektor wurde in allen bisherigen Betrachtungen und Projekten noch nicht ber\u00fccksichtigt. Durch die in den kommenden Jahren zu erwartende schnell zunehmende<br \/>Elektrifizierung des Individualverkehrs, stellt dieser Sektor Kommunen im l\u00e4ndlichen Raum wie W\u00fcstenrot vor gro\u00dfe Herausforderungen. Diese ergeben sich insbesondere hinsichtlich der Frage, wie die notwendige Ladeinfrastruktur intelligent und zukunftsweisend mit hoher Akzeptanz und Frequentierung aufgebaut werden kann und wie diese in das bestehende, oft \u00fcber mehrere Generationen gewachsene Stromnetz zu integrieren ist. Um \u00dcberlastungen des Stromnetzes zu vermeiden, ist es wichtig, die typischen Strukturen auf Verteilnetz\u2010 und Niederspannungsebene in l\u00e4ndlichen Gemeinden zu verstehen und f\u00fcr Ausbauszenarien<br \/>der Elektromobilit\u00e4t fr\u00fchzeitig die richtigen Strategien zur Ert\u00fcchtigung zu entwickeln.<\/p>\n<p>[\/et_pb_text][\/et_pb_column][\/et_pb_row][et_pb_row column_structure=&#8220;2_5,3_5&#8243; _builder_version=&#8220;4.16&#8243; _module_preset=&#8220;default&#8220; global_colors_info=&#8220;{}&#8220;][et_pb_column type=&#8220;2_5&#8243; _builder_version=&#8220;4.16&#8243; _module_preset=&#8220;default&#8220; global_colors_info=&#8220;{}&#8220;][et_pb_image src=&#8220;https:\/\/smart2charge.hftstuttgart.hostpress.me\/wp-content\/uploads\/2021\/11\/DSC_0226neu-scaled.jpg&#8220; title_text=&#8220;DSC_0226neu&#8220; _builder_version=&#8220;4.16&#8243; _module_preset=&#8220;default&#8220; border_radii=&#8220;on|12px|12px|12px|12px&#8220; global_colors_info=&#8220;{}&#8220;][\/et_pb_image][\/et_pb_column][et_pb_column type=&#8220;3_5&#8243; _builder_version=&#8220;4.16&#8243; _module_preset=&#8220;default&#8220; global_colors_info=&#8220;{}&#8220;][et_pb_text _builder_version=&#8220;4.17.3&#8243; _module_preset=&#8220;default&#8220; text_font_size=&#8220;16px&#8220; text_line_height=&#8220;1.9em&#8220; background_size=&#8220;initial&#8220; background_position=&#8220;top_left&#8220; background_repeat=&#8220;repeat&#8220; text_orientation=&#8220;center&#8220; max_width=&#8220;710px&#8220; module_alignment=&#8220;center&#8220; custom_margin=&#8220;45px||-45px||false|false&#8220; custom_margin_tablet=&#8220;0px||0px||false|false&#8220; custom_margin_phone=&#8220;0px||0px||false|false&#8220; custom_margin_last_edited=&#8220;on|desktop&#8220; animation_style=&#8220;fold&#8220; animation_direction=&#8220;bottom&#8220; animation_intensity_fold=&#8220;20%&#8220; link_option_url=&#8220;https:\/\/www.gemeinde-wuestenrot.de\/de\/startseite\/&#8220; link_option_url_new_window=&#8220;on&#8220; global_colors_info=&#8220;{}&#8220;]<\/p>\n<ul>\n<li style=\"text-align: left;\">\u00a0Seite der <a href=\"http:\/\/www.gemeinde-wuestenrot.de\" target=\"_blank\" rel=\"noopener\">Gemeinde W\u00fcstenrot<\/a><\/li>\n<li style=\"text-align: left;\">Weg zur Plusenergiegemeinde des Vorg\u00e4ngerprojektes <a href=\"http:\/\/www.envisage-wuestenrot.de\/\" target=\"_blank\" rel=\"noopener\">EnViSaGe<\/a><\/li>\n<li style=\"text-align: left;\">Energieerlebnispfad der Gemeinde W\u00fcstenrot<\/li>\n<li style=\"text-align: left;\">EU-Projekt<a href=\"http:\/\/www.sim4blocks.eu\"> Sim4Blocks<\/a><\/li>\n<\/ul>\n<p>[\/et_pb_text][\/et_pb_column][\/et_pb_row][et_pb_row column_structure=&#8220;1_3,2_3&#8243; use_custom_gutter=&#8220;on&#8220; gutter_width=&#8220;2&#8243; make_equal=&#8220;on&#8220; _builder_version=&#8220;4.16&#8243; background_size=&#8220;initial&#8220; background_position=&#8220;top_left&#8220; background_repeat=&#8220;repeat&#8220; custom_padding=&#8220;|||&#8220; saved_tabs=&#8220;all&#8220; locked=&#8220;off&#8220; global_colors_info=&#8220;{}&#8220;][et_pb_column type=&#8220;1_3&#8243; _builder_version=&#8220;4.16&#8243; background_color=&#8220;#ffffff&#8220; background_position=&#8220;top_left&#8220; custom_padding=&#8220;50px|40px|50px|40px&#8220; global_colors_info=&#8220;{}&#8220; custom_padding__hover=&#8220;|||&#8220;][et_pb_text admin_label=&#8220;Contact US Text&#8220; _builder_version=&#8220;4.17.3&#8243; text_font_size=&#8220;16px&#8220; text_line_height=&#8220;1.8em&#8220; header_font=&#8220;||||&#8220; header_text_color=&#8220;#1f1f1f&#8220; width=&#8220;100%&#8220; custom_margin=&#8220;20px||40px|&#8220; custom_margin_tablet=&#8220;-50px||0px||false|false&#8220; custom_margin_phone=&#8220;-50px||0px||false|false&#8220; custom_margin_last_edited=&#8220;on|tablet&#8220; custom_padding=&#8220;0px|0px|14px|0px|false|false&#8220; animation_style=&#8220;fold&#8220; animation_direction=&#8220;bottom&#8220; animation_intensity_fold=&#8220;20%&#8220; global_colors_info=&#8220;{}&#8220;]<\/p>\n<p class=\"bodytext\"><b>Thomas L\u00f6ffelhardt<\/b><br \/>Technischer Leiter und Energiebeauftragter<br \/>Gemeinde W\u00fcstenrot<\/p>\n<p>[\/et_pb_text][et_pb_blurb use_icon=&#8220;on&#8220; font_icon=&#8220;&#xe081;||divi||400&#8243; icon_color=&#8220;gcid-3f945d66-6725-4f00-8736-ce303b16e8d4&#8243; icon_placement=&#8220;left&#8220; image_icon_width=&#8220;28px&#8220; image_icon_width_last_edited=&#8220;off|desktop&#8220; admin_label=&#8220;Address&#8220; _builder_version=&#8220;4.16&#8243; body_font_size=&#8220;16px&#8220; custom_margin=&#8220;|||&#8220; animation_style=&#8220;fold&#8220; animation_direction=&#8220;bottom&#8220; animation_intensity_fold=&#8220;20%&#8220; icon_font_size=&#8220;28px&#8220; icon_font_size_last_edited=&#8220;off|desktop&#8220; global_colors_info=&#8220;{%22gcid-3f945d66-6725-4f00-8736-ce303b16e8d4%22:%91%22icon_color%22%93}&#8220;]<\/p>\n<p>Eichwaldstra\u00dfe 19<br \/>71543 W\u00fcstenrot<\/p>\n<p>[\/et_pb_blurb][et_pb_blurb use_icon=&#8220;on&#8220; font_icon=&#8220;&#xe00b;||divi||400&#8243; icon_color=&#8220;gcid-3f945d66-6725-4f00-8736-ce303b16e8d4&#8243; icon_placement=&#8220;left&#8220; image_icon_width=&#8220;28px&#8220; image_icon_width_last_edited=&#8220;off|desktop&#8220; _builder_version=&#8220;4.16&#8243; body_font_size=&#8220;16px&#8220; custom_margin=&#8220;|||&#8220; animation_style=&#8220;fold&#8220; animation_direction=&#8220;bottom&#8220; animation_intensity_fold=&#8220;20%&#8220; icon_font_size=&#8220;28px&#8220; icon_font_size_last_edited=&#8220;off|desktop&#8220; global_colors_info=&#8220;{%22gcid-3f945d66-6725-4f00-8736-ce303b16e8d4%22:%91%22icon_color%22%93}&#8220;]<\/p>\n<p>Tel: 07945 919953<\/p>\n<p>[\/et_pb_blurb][et_pb_blurb use_icon=&#8220;on&#8220; font_icon=&#8220;&#xe076;||divi||400&#8243; icon_color=&#8220;gcid-3f945d66-6725-4f00-8736-ce303b16e8d4&#8243; icon_placement=&#8220;left&#8220; image_icon_width=&#8220;28px&#8220; image_icon_width_last_edited=&#8220;off|desktop&#8220; admin_label=&#8220;Email&#8220; _builder_version=&#8220;4.16&#8243; body_font_size=&#8220;16px&#8220; custom_margin=&#8220;|||&#8220; animation_style=&#8220;fold&#8220; animation_direction=&#8220;bottom&#8220; animation_intensity_fold=&#8220;20%&#8220; icon_font_size=&#8220;28px&#8220; icon_font_size_last_edited=&#8220;off|desktop&#8220; global_colors_info=&#8220;{%22gcid-3f945d66-6725-4f00-8736-ce303b16e8d4%22:%91%22icon_color%22%93}&#8220;]<\/p>\n<p><a href=\"mailto:thomas.loeffelhardt@gemeinde-wuestenrot.de\">thomas.loeffelhardt@gemeinde-wuestenrot.de<\/a> <\/p>\n<p>[\/et_pb_blurb][et_pb_social_media_follow _builder_version=&#8220;4.16&#8243; global_colors_info=&#8220;{}&#8220;][\/et_pb_social_media_follow][\/et_pb_column][et_pb_column type=&#8220;2_3&#8243; _builder_version=&#8220;4.16&#8243; background_color=&#8220;#ffffff&#8220; background_position=&#8220;top_left&#8220; custom_padding=&#8220;50px|40px|50px|40px&#8220; global_colors_info=&#8220;{}&#8220; custom_padding__hover=&#8220;|||&#8220;][et_pb_contact_form captcha=&#8220;off&#8220; title=&#8220;Leave A Message&#8220; submit_button_text=&#8220;Send Message&#8220; module_id=&#8220;et_pb_contact_form_1&#8243; _builder_version=&#8220;4.17.3&#8243; _unique_id=&#8220;91280934-b1ea-4d1c-b174-01971a46183c&#8220; form_field_background_color=&#8220;rgba(255,255,255,0)&#8220; title_font=&#8220;Montserrat||||&#8220; title_font_size=&#8220;22px&#8220; custom_button=&#8220;on&#8220; button_text_size=&#8220;18&#8243; button_text_color=&#8220;#ffffff&#8220; button_bg_color=&#8220;#02bedb&#8220; button_border_color=&#8220;#FFFFFF&#8220; button_border_radius=&#8220;10px&#8220; button_letter_spacing=&#8220;2&#8243; button_font=&#8220;Montserrat|||on|&#8220; button_use_icon=&#8220;off&#8220; custom_margin_tablet=&#8220;-50px||||false|false&#8220; custom_margin_phone=&#8220;-50px||||false|false&#8220; custom_margin_last_edited=&#8220;on|tablet&#8220; animation_style=&#8220;fold&#8220; animation_direction=&#8220;bottom&#8220; animation_intensity_fold=&#8220;20%&#8220; border_width_all=&#8220;1px&#8220; border_color_all=&#8220;rgba(0,0,0,0.12)&#8220; border_style_all=&#8220;solid&#8220; use_border_color=&#8220;on&#8220; border_color=&#8220;rgba(0,0,0,0.12)&#8220; form_background_color=&#8220;rgba(255,255,255,0)&#8220; global_colors_info=&#8220;{}&#8220; button_text_color__hover=&#8220;#02bedb&#8220; button_text_color__hover_enabled=&#8220;on&#8220; button_bg_color__hover=&#8220;#ffffff&#8220; button_bg_color__hover_enabled=&#8220;on&#8220; button_border_color__hover=&#8220;#02bedb&#8220; button_border_color__hover_enabled=&#8220;on|hover&#8220; button_border_radius__hover=&#8220;10px&#8220; button_border_radius__hover_enabled=&#8220;on&#8220; button_letter_spacing__hover=&#8220;2&#8243; button_letter_spacing__hover_enabled=&#8220;on&#8220;][et_pb_contact_field field_id=&#8220;Name&#8220; field_title=&#8220;Name&#8220; fullwidth_field=&#8220;on&#8220; _builder_version=&#8220;4.16&#8243; global_colors_info=&#8220;{}&#8220; button_text_size__hover_enabled=&#8220;off&#8220; button_one_text_size__hover_enabled=&#8220;off&#8220; button_two_text_size__hover_enabled=&#8220;off&#8220; button_text_color__hover_enabled=&#8220;off&#8220; button_one_text_color__hover_enabled=&#8220;off&#8220; button_two_text_color__hover_enabled=&#8220;off&#8220; button_border_width__hover_enabled=&#8220;off&#8220; button_one_border_width__hover_enabled=&#8220;off&#8220; button_two_border_width__hover_enabled=&#8220;off&#8220; button_border_color__hover_enabled=&#8220;off&#8220; button_one_border_color__hover_enabled=&#8220;off&#8220; button_two_border_color__hover_enabled=&#8220;off&#8220; button_border_radius__hover_enabled=&#8220;off&#8220; button_one_border_radius__hover_enabled=&#8220;off&#8220; button_two_border_radius__hover_enabled=&#8220;off&#8220; button_letter_spacing__hover_enabled=&#8220;off&#8220; button_one_letter_spacing__hover_enabled=&#8220;off&#8220; button_two_letter_spacing__hover_enabled=&#8220;off&#8220; button_bg_color__hover_enabled=&#8220;off&#8220; button_one_bg_color__hover_enabled=&#8220;off&#8220; button_two_bg_color__hover_enabled=&#8220;off&#8220;][\/et_pb_contact_field][et_pb_contact_field field_id=&#8220;Email&#8220; field_title=&#8220;Email Address&#8220; field_type=&#8220;email&#8220; fullwidth_field=&#8220;on&#8220; _builder_version=&#8220;4.16&#8243; global_colors_info=&#8220;{}&#8220; button_text_size__hover_enabled=&#8220;off&#8220; button_one_text_size__hover_enabled=&#8220;off&#8220; button_two_text_size__hover_enabled=&#8220;off&#8220; button_text_color__hover_enabled=&#8220;off&#8220; button_one_text_color__hover_enabled=&#8220;off&#8220; button_two_text_color__hover_enabled=&#8220;off&#8220; button_border_width__hover_enabled=&#8220;off&#8220; button_one_border_width__hover_enabled=&#8220;off&#8220; button_two_border_width__hover_enabled=&#8220;off&#8220; button_border_color__hover_enabled=&#8220;off&#8220; button_one_border_color__hover_enabled=&#8220;off&#8220; button_two_border_color__hover_enabled=&#8220;off&#8220; button_border_radius__hover_enabled=&#8220;off&#8220; button_one_border_radius__hover_enabled=&#8220;off&#8220; button_two_border_radius__hover_enabled=&#8220;off&#8220; button_letter_spacing__hover_enabled=&#8220;off&#8220; button_one_letter_spacing__hover_enabled=&#8220;off&#8220; button_two_letter_spacing__hover_enabled=&#8220;off&#8220; button_bg_color__hover_enabled=&#8220;off&#8220; button_one_bg_color__hover_enabled=&#8220;off&#8220; button_two_bg_color__hover_enabled=&#8220;off&#8220;][\/et_pb_contact_field][et_pb_contact_field field_id=&#8220;Message&#8220; field_title=&#8220;Message&#8220; field_type=&#8220;text&#8220; fullwidth_field=&#8220;on&#8220; _builder_version=&#8220;4.16&#8243; global_colors_info=&#8220;{}&#8220; button_text_size__hover_enabled=&#8220;off&#8220; button_one_text_size__hover_enabled=&#8220;off&#8220; button_two_text_size__hover_enabled=&#8220;off&#8220; button_text_color__hover_enabled=&#8220;off&#8220; button_one_text_color__hover_enabled=&#8220;off&#8220; button_two_text_color__hover_enabled=&#8220;off&#8220; button_border_width__hover_enabled=&#8220;off&#8220; button_one_border_width__hover_enabled=&#8220;off&#8220; button_two_border_width__hover_enabled=&#8220;off&#8220; button_border_color__hover_enabled=&#8220;off&#8220; button_one_border_color__hover_enabled=&#8220;off&#8220; button_two_border_color__hover_enabled=&#8220;off&#8220; button_border_radius__hover_enabled=&#8220;off&#8220; button_one_border_radius__hover_enabled=&#8220;off&#8220; button_two_border_radius__hover_enabled=&#8220;off&#8220; button_letter_spacing__hover_enabled=&#8220;off&#8220; button_one_letter_spacing__hover_enabled=&#8220;off&#8220; button_two_letter_spacing__hover_enabled=&#8220;off&#8220; button_bg_color__hover_enabled=&#8220;off&#8220; button_one_bg_color__hover_enabled=&#8220;off&#8220; button_two_bg_color__hover_enabled=&#8220;off&#8220;][\/et_pb_contact_field][\/et_pb_contact_form][\/et_pb_column][\/et_pb_row][\/et_pb_section]<\/p>\n","protected":false},"excerpt":{"rendered":"<p>W\u00fcstenrot ist eine zukunftsweisende Gemeinde, die mit dem Ziel, zeitnah zur \u201aPlusenergiegemeinde\u2018 zu werden eine Vorreiterrolle im Rahmen der Energiewende einnimmt. Sie liegt im S\u00fcdosten des Landkreises Heilbronn und ihre Einwohnerzahl bel\u00e4uft sich derzeit auf rund 6.800 Einwohner.<div class=\"et_pb_module lwp_image_carousel lwp_image_carousel_0\">\n\t\t\t\t\n\t\t\t\t\n\t\t\t\t\n\t\t\t\t\n\t\t\t\t\n\t\t\t\t\n\t\t\t\t<div class=\"et_pb_module_inner\">\n\t\t\t\t\t\r\n\t\t\t<section class=\"lwp-slick-slider slider small-slider lwp-default-slider lwp-side-center\" data-slick='{ \"vertical\":false, \"slidesToShow\": 3, \"slidesToScroll\": 1, \"dots\":true, \"arrows\":true, \"infinite\":true, \"autoplay\":true, \"autoplaySpeed\":1200, \"pauseOnHover\":true, \"adaptiveHeight\":true, \"speed\":600, \"responsive\": [ { \"breakpoint\": 980, \"settings\": { \"slidesToShow\": 3, \"slidesToScroll\": 1, \"arrows\":true,\"dots\":true } } ,{ \"breakpoint\": 767, \"settings\": { \"slidesToShow\": 1, \"slidesToScroll\": 1, \"arrows\":true,\"dots\":true } } ] }'>\r\n\t\t\t\t<div><img decoding=\"async\" src=\"https:\/\/smart2charge.hftstuttgart.hostpress.me\/wp-content\/uploads\/2022\/05\/slideshow1-scaled.jpg\" alt=\"\" title=\"slideshow1\"><\/div><div><img decoding=\"async\" src=\"https:\/\/smart2charge.hftstuttgart.hostpress.me\/wp-content\/uploads\/2022\/05\/DSC_0031-scaled.jpg\" alt=\"\" title=\"DSC_0031\"><\/div><div><img decoding=\"async\" src=\"https:\/\/smart2charge.hftstuttgart.hostpress.me\/wp-content\/uploads\/2022\/05\/DSC_0022-scaled.jpg\" alt=\"\" title=\"DSC_0022\"><\/div><div><img decoding=\"async\" src=\"https:\/\/smart2charge.hftstuttgart.hostpress.me\/wp-content\/uploads\/2022\/05\/DSC_0113-scaled.jpg\" alt=\"\" title=\"DSC_0113\"><\/div><div><img decoding=\"async\" src=\"https:\/\/smart2charge.hftstuttgart.hostpress.me\/wp-content\/uploads\/2022\/05\/Die-Serie-Wu\u00a6estenrot_-42-scaled.jpg\" alt=\"\" title=\"Die Serie Wu\u00a6\u00eastenrot_-42\"><\/div><div><img decoding=\"async\" src=\"https:\/\/smart2charge.hftstuttgart.hostpress.me\/wp-content\/uploads\/2022\/05\/DSC_0128-scaled.jpg\" alt=\"\" title=\"DSC_0128\"><\/div><div><img decoding=\"async\" src=\"https:\/\/smart2charge.hftstuttgart.hostpress.me\/wp-content\/uploads\/2022\/05\/DSC_0090-scaled.jpg\" alt=\"\" title=\"DSC_0090\"><\/div><div><img decoding=\"async\" src=\"https:\/\/smart2charge.hftstuttgart.hostpress.me\/wp-content\/uploads\/2022\/05\/DSC_0633-scaled.jpg\" alt=\"\" title=\"DSC_0633\"><\/div><div><img decoding=\"async\" src=\"https:\/\/smart2charge.hftstuttgart.hostpress.me\/wp-content\/uploads\/2022\/05\/DSC_0067-scaled.jpg\" alt=\"\" title=\"DSC_0067\"><\/div><div><img decoding=\"async\" src=\"https:\/\/smart2charge.hftstuttgart.hostpress.me\/wp-content\/uploads\/2022\/05\/Die-Serie-Wu\u00a6estenrot_-43-scaled.jpg\" alt=\"\" title=\"Die Serie Wu\u00a6\u00eastenrot_-43\"><\/div><div><img decoding=\"async\" src=\"https:\/\/smart2charge.hftstuttgart.hostpress.me\/wp-content\/uploads\/2022\/05\/DSC_0088-scaled.jpg\" alt=\"\" title=\"DSC_0088\"><\/div><div><img decoding=\"async\" src=\"https:\/\/smart2charge.hftstuttgart.hostpress.me\/wp-content\/uploads\/2022\/05\/Die-Serie-Wu\u00a6estenrot_-41-scaled.jpg\" alt=\"\" title=\"Die Serie Wu\u00a6\u00eastenrot_-41\"><\/div><div><img decoding=\"async\" src=\"https:\/\/smart2charge.hftstuttgart.hostpress.me\/wp-content\/uploads\/2022\/05\/DSC_0627-scaled.jpg\" alt=\"\" title=\"DSC_0627\"><\/div>\r\n\t\t\t<\/section>\n\t\t\t\t<\/div>\n\t\t\t<\/div>Der Standard \u201ePlusenergie\u201c wird [&hellip;]<\/p>\n","protected":false},"author":2,"featured_media":0,"parent":0,"menu_order":0,"comment_status":"closed","ping_status":"closed","template":"","meta":{"_et_pb_use_builder":"on","_et_pb_old_content":"","_et_gb_content_width":"","footnotes":""},"class_list":["post-324","page","type-page","status-publish","hentry"],"_links":{"self":[{"href":"https:\/\/smart2charge.hftstuttgart.hostpress.me\/index.php?rest_route=\/wp\/v2\/pages\/324","targetHints":{"allow":["GET"]}}],"collection":[{"href":"https:\/\/smart2charge.hftstuttgart.hostpress.me\/index.php?rest_route=\/wp\/v2\/pages"}],"about":[{"href":"https:\/\/smart2charge.hftstuttgart.hostpress.me\/index.php?rest_route=\/wp\/v2\/types\/page"}],"author":[{"embeddable":true,"href":"https:\/\/smart2charge.hftstuttgart.hostpress.me\/index.php?rest_route=\/wp\/v2\/users\/2"}],"replies":[{"embeddable":true,"href":"https:\/\/smart2charge.hftstuttgart.hostpress.me\/index.php?rest_route=%2Fwp%2Fv2%2Fcomments&post=324"}],"version-history":[{"count":30,"href":"https:\/\/smart2charge.hftstuttgart.hostpress.me\/index.php?rest_route=\/wp\/v2\/pages\/324\/revisions"}],"predecessor-version":[{"id":945,"href":"https:\/\/smart2charge.hftstuttgart.hostpress.me\/index.php?rest_route=\/wp\/v2\/pages\/324\/revisions\/945"}],"wp:attachment":[{"href":"https:\/\/smart2charge.hftstuttgart.hostpress.me\/index.php?rest_route=%2Fwp%2Fv2%2Fmedia&parent=324"}],"curies":[{"name":"wp","href":"https:\/\/api.w.org\/{rel}","templated":true}]}}