{"id":1149,"date":"2022-09-23T11:27:58","date_gmt":"2022-09-23T11:27:58","guid":{"rendered":"https:\/\/smart2charge.hftstuttgart.hostpress.me\/?page_id=1149"},"modified":"2024-07-19T09:09:42","modified_gmt":"2024-07-19T09:09:42","slug":"publikationen","status":"publish","type":"page","link":"https:\/\/smart2charge.hftstuttgart.hostpress.me\/?page_id=1149","title":{"rendered":"Publikationen"},"content":{"rendered":"<p>[et_pb_section fb_built=&#8220;1&#8243; admin_label=&#8220;Hero&#8220; _builder_version=&#8220;4.16&#8243; background_image=&#8220;https:\/\/smart2charge.hftstuttgart.hostpress.me\/wp-content\/uploads\/2021\/07\/circle-background-pattern.png&#8220; max_height=&#8220;850px&#8220; custom_margin=&#8220;||-103px|||&#8220; custom_padding=&#8220;||0px|||&#8220; animation_style=&#8220;zoom&#8220; animation_intensity_zoom=&#8220;4%&#8220; global_colors_info=&#8220;{}&#8220;][et_pb_row _builder_version=&#8220;4.16&#8243; background_size=&#8220;initial&#8220; background_position=&#8220;top_left&#8220; background_repeat=&#8220;repeat&#8220; min_height=&#8220;78.8px&#8220; custom_padding=&#8220;0px||0px|||&#8220; animation_style=&#8220;slide&#8220; animation_direction=&#8220;top&#8220; animation_intensity_slide=&#8220;3%&#8220; global_colors_info=&#8220;{}&#8220;][et_pb_column type=&#8220;4_4&#8243; _builder_version=&#8220;4.16&#8243; custom_padding=&#8220;|||&#8220; global_colors_info=&#8220;{}&#8220; custom_padding__hover=&#8220;|||&#8220;][et_pb_text _builder_version=&#8220;4.18.0&#8243; text_font=&#8220;||||||||&#8220; text_text_color=&#8220;gcid-794b254d-857c-4b2e-ae71-a046b89e3dbf&#8220; text_font_size=&#8220;7px&#8220; header_font=&#8220;Montserrat|700||on|||||dotted&#8220; header_text_align=&#8220;center&#8220; header_text_color=&#8220;gcid-3f945d66-6725-4f00-8736-ce303b16e8d4&#8243; header_font_size=&#8220;48px&#8220; background_size=&#8220;initial&#8220; background_position=&#8220;top_left&#8220; background_repeat=&#8220;repeat&#8220; custom_margin=&#8220;||-7px|||&#8220; animation_style=&#8220;fade&#8220; text_font_tablet=&#8220;||||||||&#8220; text_font_phone=&#8220;||||||||&#8220; text_font_last_edited=&#8220;on|phone&#8220; text_font_size_tablet=&#8220;7px&#8220; text_font_size_phone=&#8220;7px&#8220; text_font_size_last_edited=&#8220;on|phone&#8220; header_font_size_tablet=&#8220;48px&#8220; header_font_size_phone=&#8220;31px&#8220; header_font_size_last_edited=&#8220;on|phone&#8220; locked=&#8220;off&#8220; global_colors_info=&#8220;{%22gcid-794b254d-857c-4b2e-ae71-a046b89e3dbf%22:%91%22text_text_color%22%93,%22gcid-3f945d66-6725-4f00-8736-ce303b16e8d4%22:%91%22header_text_color%22%93}&#8220;]<\/p>\n<h1>Publikationen<\/h1>\n<p>[\/et_pb_text][et_pb_divider show_divider=&#8220;off&#8220; disabled_on=&#8220;on|on|off%22&#8243; _builder_version=&#8220;4.16&#8243; max_width=&#8220;120px&#8220; animation_style=&#8220;slide&#8220; animation_direction=&#8220;top&#8220; animation_intensity_slide=&#8220;30%&#8220; global_colors_info=&#8220;{}&#8220;][\/et_pb_divider][\/et_pb_column][\/et_pb_row][\/et_pb_section][et_pb_section fb_built=&#8220;1&#8243; module_id=&#8220;ank-Mobilit\u00e4t&#8220; _builder_version=&#8220;4.18.0&#8243; _module_preset=&#8220;default&#8220; custom_margin=&#8220;0px||||false|false&#8220; custom_padding=&#8220;||0px||false|false&#8220; global_colors_info=&#8220;{}&#8220;][et_pb_row _builder_version=&#8220;4.16&#8243; _module_preset=&#8220;default&#8220; global_colors_info=&#8220;{}&#8220;][et_pb_column type=&#8220;4_4&#8243; _builder_version=&#8220;4.16&#8243; _module_preset=&#8220;default&#8220; global_colors_info=&#8220;{}&#8220;][et_pb_text admin_label=&#8220;Number&#8220; _builder_version=&#8220;4.17.3&#8243; text_font=&#8220;Montserrat|on|||&#8220; text_text_color=&#8220;gcid-3f945d66-6725-4f00-8736-ce303b16e8d4&#8243; text_font_size=&#8220;58px&#8220; text_line_height=&#8220;1em&#8220; background_size=&#8220;initial&#8220; background_position=&#8220;top_left&#8220; background_repeat=&#8220;repeat&#8220; custom_margin_tablet=&#8220;50px||||false|false&#8220; custom_margin_phone=&#8220;50px||||false|false&#8220; custom_margin_last_edited=&#8220;on|tablet&#8220; animation_style=&#8220;slide&#8220; animation_direction=&#8220;bottom&#8220; animation_intensity_slide=&#8220;20%&#8220; text_font_size_tablet=&#8220;40px&#8220; text_font_size_phone=&#8220;35px&#8220; text_font_size_last_edited=&#8220;on|phone&#8220; header_font_size_tablet=&#8220;&#8220; header_font_size_phone=&#8220;&#8220; header_font_size_last_edited=&#8220;on|phone&#8220; locked=&#8220;off&#8220; global_colors_info=&#8220;{%22gcid-3f945d66-6725-4f00-8736-ce303b16e8d4%22:%91%22text_text_color%22%93}&#8220;]<\/p>\n<p>Planungsleitfaden<\/p>\n<div>\n<p style=\"text-align: justify;\">\n<\/div>\n<p>[\/et_pb_text][\/et_pb_column][\/et_pb_row][et_pb_row _builder_version=&#8220;4.18.0&#8243; _module_preset=&#8220;default&#8220; global_colors_info=&#8220;{}&#8220;][et_pb_column type=&#8220;4_4&#8243; _builder_version=&#8220;4.18.0&#8243; _module_preset=&#8220;default&#8220; global_colors_info=&#8220;{}&#8220;][et_pb_text _builder_version=&#8220;4.27.0&#8243; _module_preset=&#8220;default&#8220; hover_enabled=&#8220;0&#8243; global_colors_info=&#8220;{}&#8220; sticky_enabled=&#8220;0&#8243;]Unter folgendem Download-Link steht Ihnen der Handlungsleitfaden \u201eSmartGrid-f\u00e4hige, intelligente E-Ladeinfrastruktur f\u00fcr den l\u00e4ndlichen Raum \u2013 Planung und Umsetzung, Akzeptanz und Wirtschaftlichkeit\u201c zur Verf\u00fcgung:<\/p>\n<p><a href=\"https:\/\/smart2charge.hftstuttgart.hostpress.me\/wp-content\/uploads\/2024\/07\/Smart2Charge_Planungsleitfaden.pdf\" target=\"_blank\" rel=\"noopener\">Zum Artikel<\/a>[\/et_pb_text][\/et_pb_column][\/et_pb_row][\/et_pb_section][et_pb_section fb_built=&#8220;1&#8243; _builder_version=&#8220;4.16&#8243; _module_preset=&#8220;default&#8220; global_colors_info=&#8220;{}&#8220;][et_pb_row _builder_version=&#8220;4.16&#8243; _module_preset=&#8220;default&#8220; global_colors_info=&#8220;{}&#8220;][et_pb_column type=&#8220;4_4&#8243; _builder_version=&#8220;4.16&#8243; _module_preset=&#8220;default&#8220; global_colors_info=&#8220;{}&#8220;][et_pb_text _builder_version=&#8220;4.17.3&#8243; _module_preset=&#8220;default&#8220; text_font=&#8220;Montserrat|on|||&#8220; text_text_color=&#8220;gcid-3f945d66-6725-4f00-8736-ce303b16e8d4&#8243; text_font_size=&#8220;58px&#8220; text_line_height=&#8220;1em&#8220; background_size=&#8220;initial&#8220; background_position=&#8220;top_left&#8220; background_repeat=&#8220;repeat&#8220; animation_style=&#8220;slide&#8220; animation_direction=&#8220;bottom&#8220; animation_intensity_slide=&#8220;20%&#8220; text_font_size_tablet=&#8220;40px&#8220; text_font_size_phone=&#8220;34px&#8220; text_font_size_last_edited=&#8220;on|phone&#8220; global_colors_info=&#8220;{%22gcid-3f945d66-6725-4f00-8736-ce303b16e8d4%22:%91%22text_text_color%22%93}&#8220;]<\/p>\n<p>Ladeinfrastruktur und Carsharing<\/p>\n<p>[\/et_pb_text][\/et_pb_column][\/et_pb_row][et_pb_row _builder_version=&#8220;4.18.0&#8243; _module_preset=&#8220;default&#8220; global_colors_info=&#8220;{}&#8220;][et_pb_column type=&#8220;4_4&#8243; _builder_version=&#8220;4.18.0&#8243; _module_preset=&#8220;default&#8220; global_colors_info=&#8220;{}&#8220;][et_pb_text _builder_version=&#8220;4.18.0&#8243; _module_preset=&#8220;default&#8220; global_colors_info=&#8220;{}&#8220;]<\/p>\n<p><strong>Smart2charge: smart grid enabled BEV charging infrastructure for rural areas<\/strong><\/p>\n<p>Pawan Elangovan, Daniel Lust, Dirk Pietruschka, Jan Silberer, Maja Mrso, Ezgi G\u00f6kdemir<\/p>\n<p><strong>Abstract<\/strong><\/p>\n<p>W\u00fcstenrot aims to become a \u201dPlus-Energy municipality\u201d as a part of its German Energy Transition (Energiewende) goals. W\u00fcstenrot has already achieved a high share of renewable energy production and is currently making its electricity and heating grid network more efficient by using intelligent monitoring systems. The next stage of the \u201cPlus-Energy\u201d plan is to increase the share of e-mobility in W\u00fcstenrot. A rapid increase in the electrification of individual transport is expected in the coming years and this sector poses great challenges for municipalities in rural areas such as W\u00fcstenrot. The major challenges are building necessary intelligent charging infrastructure, its integration into the current electricity grid and avoid overloading of the electricity grid. The \u201cSmart2Charge\u201d (S2C) project aims to solve those challenges. The objective of the S2C project is to create a reference model for the rapid expansion of e-mobility in rural areas. Firstly, the traffic flow of W\u00fcstenrot is analysed, then secondly the electricity grid is modelled for testing the expansion of charging infrastructure and the application of flexibility measures. Following this, the acceptance of e-mobility in W\u00fcstenrot is studied and finally a business model is created for the e-mobility expansion. The expansion of electric mobility offers a highly interesting new field of activity with services ranging from the provision of charging infrastructure, the development and implementation of booking and billing systems for car sharing services to the implementation and operation of parking guidance systems. Through comprehensive intelligent bi-directional charging management (V2G), there is also the potential to develop an additional service market for the power grid. This paper aims at giving the audience an overview of the project objectives and an insight into current project results.<\/p>\n<p><a href=\"https:\/\/digital-library.theiet.org\/content\/conferences\/10.1049\/icp.2021.2520\" target=\"_blank\" rel=\"noopener\">Zum Artikel<\/a><\/p>\n<p>[\/et_pb_text][\/et_pb_column][\/et_pb_row][\/et_pb_section][et_pb_section fb_built=&#8220;1&#8243; _builder_version=&#8220;4.16&#8243; _module_preset=&#8220;default&#8220; global_colors_info=&#8220;{}&#8220;][et_pb_row _builder_version=&#8220;4.16&#8243; _module_preset=&#8220;default&#8220; global_colors_info=&#8220;{}&#8220;][et_pb_column type=&#8220;4_4&#8243; _builder_version=&#8220;4.16&#8243; _module_preset=&#8220;default&#8220; global_colors_info=&#8220;{}&#8220;][et_pb_text content_tablet=&#8220;<\/p>\n<p>05<br \/>Gesch\u00e4ftsmodell-entwicklung<\/p>\n<p>&#8220; content_phone=&#8220;<\/p>\n<p>05<br \/>Gesch\u00e4ftsmodell-entwicklung<\/p>\n<p>&#8220; content_last_edited=&#8220;on|tablet&#8220; _builder_version=&#8220;4.17.3&#8243; _module_preset=&#8220;default&#8220; text_font=&#8220;Montserrat|on|||&#8220; text_text_color=&#8220;gcid-3f945d66-6725-4f00-8736-ce303b16e8d4&#8243; text_font_size=&#8220;58px&#8220; text_line_height=&#8220;1em&#8220; background_size=&#8220;initial&#8220; background_position=&#8220;top_left&#8220; background_repeat=&#8220;repeat&#8220; animation_style=&#8220;slide&#8220; animation_direction=&#8220;bottom&#8220; animation_intensity_slide=&#8220;20%&#8220; text_font_size_tablet=&#8220;40px&#8220; text_font_size_phone=&#8220;34px&#8220; text_font_size_last_edited=&#8220;on|phone&#8220; header_font_size_tablet=&#8220;&#8220; header_font_size_phone=&#8220;&#8220; header_font_size_last_edited=&#8220;on|tablet&#8220; global_colors_info=&#8220;{%22gcid-3f945d66-6725-4f00-8736-ce303b16e8d4%22:%91%22text_text_color%22%93}&#8220;]<\/p>\n<p>Gesch\u00e4ftsmodellentwicklung<\/p>\n<p>[\/et_pb_text][\/et_pb_column][\/et_pb_row][et_pb_row _builder_version=&#8220;4.18.0&#8243; _module_preset=&#8220;default&#8220; global_colors_info=&#8220;{}&#8220;][et_pb_column type=&#8220;4_4&#8243; _builder_version=&#8220;4.18.0&#8243; _module_preset=&#8220;default&#8220; global_colors_info=&#8220;{}&#8220;][et_pb_text _builder_version=&#8220;4.18.0&#8243; _module_preset=&#8220;default&#8220; global_colors_info=&#8220;{}&#8220;]<\/p>\n<p><strong> Innovative Produkte und\u00a0 Dienstleistungen f\u00fcr einen nachhaltigen Konsum an der Schnittstelle von\u00a0 Energie- und Mobilit\u00e4tswende.<\/strong><\/p>\n<p>Popovi\u0107 T., G\u00f6kdemir E., Schwemin E. (2021) In: Wellbrock W., Ludin D. (eds)\u00a0 Nachhaltiger Konsum. Springer Gabler, Wiesbaden. 13.07.2021.\u00a0<\/p>\n<p><strong>Abstract<\/strong><\/p>\n<p>Wirtschaft und Gesellschaft stehen heute vor einer Vielzahl von komplexen Herausforderungen (\u201eGrand Challenges\u201c), wie bspw. Klimawandel, demografischer Wandel, ver\u00e4ndertes Konsumverhalten oder Digitalisierung, die einen stetigen Bedarf nach neuen Angeboten und Gesch\u00e4ftsmodellen erzeugen. Zwei von diesen Ver\u00e4nderungen besonders stark betroffene Bereiche sind der Mobilit\u00e4ts- und der Energiesektor, in denen simultan eine \u201eWende\u201c hin zu einer ausgepr\u00e4gteren \u00f6kologischen und sozialen Nachhaltigkeit vollzogen wird. Vor diesem Hintergrund wird in diesem Beitrag anhand von weltweiten Best-Practice-Beispielen dargelegt, inwiefern das Forschungsdesign transdisziplin\u00e4rer Reallabore (Living Labs) als Grundlage f\u00fcr Innovations\u00f6kosysteme dienen kann.<\/p>\n<p><a href=\"https:\/\/link.springer.com\/chapter\/10.1007\/978-3-658-33353-9_50\" target=\"_blank\" rel=\"noopener\">Zum Artikel<\/a><\/p>\n<p><span style=\"color: #333333; font-family: -apple-system, BlinkMacSystemFont, 'Segoe UI', Roboto, Oxygen-Sans, Ubuntu, Cantarell, 'Helvetica Neue', sans-serif; font-size: 18px; font-style: normal; font-variant-ligatures: normal; font-variant-caps: normal; font-weight: 400; letter-spacing: normal; orphans: 2; text-align: start; text-indent: 0px; text-transform: none; white-space: normal; widows: 2; word-spacing: 0px; -webkit-text-stroke-width: 0px; background-color: #fcfcfc; text-decoration-thickness: initial; text-decoration-style: initial; text-decoration-color: initial; display: inline !important; float: none;\">\u00a0<\/span><\/p>\n<p>[\/et_pb_text][\/et_pb_column][\/et_pb_row][\/et_pb_section]<\/p>\n","protected":false},"excerpt":{"rendered":"<p>PublikationenPlanungsleitfaden Unter folgendem Download-Link steht Ihnen der Handlungsleitfaden \u201eSmartGrid-f\u00e4hige, intelligente E-Ladeinfrastruktur f\u00fcr den l\u00e4ndlichen Raum \u2013 Planung und Umsetzung, Akzeptanz und Wirtschaftlichkeit\u201c zur Verf\u00fcgung: Zum ArtikelLadeinfrastruktur und CarsharingSmart2charge: smart grid enabled BEV charging infrastructure for rural areas Pawan Elangovan, Daniel Lust, Dirk Pietruschka, Jan Silberer, Maja Mrso, Ezgi G\u00f6kdemir Abstract W\u00fcstenrot aims to become a [&hellip;]<\/p>\n","protected":false},"author":4,"featured_media":0,"parent":0,"menu_order":0,"comment_status":"closed","ping_status":"closed","template":"","meta":{"_et_pb_use_builder":"on","_et_pb_old_content":"","_et_gb_content_width":"","footnotes":""},"class_list":["post-1149","page","type-page","status-publish","hentry"],"_links":{"self":[{"href":"https:\/\/smart2charge.hftstuttgart.hostpress.me\/index.php?rest_route=\/wp\/v2\/pages\/1149","targetHints":{"allow":["GET"]}}],"collection":[{"href":"https:\/\/smart2charge.hftstuttgart.hostpress.me\/index.php?rest_route=\/wp\/v2\/pages"}],"about":[{"href":"https:\/\/smart2charge.hftstuttgart.hostpress.me\/index.php?rest_route=\/wp\/v2\/types\/page"}],"author":[{"embeddable":true,"href":"https:\/\/smart2charge.hftstuttgart.hostpress.me\/index.php?rest_route=\/wp\/v2\/users\/4"}],"replies":[{"embeddable":true,"href":"https:\/\/smart2charge.hftstuttgart.hostpress.me\/index.php?rest_route=%2Fwp%2Fv2%2Fcomments&post=1149"}],"version-history":[{"count":6,"href":"https:\/\/smart2charge.hftstuttgart.hostpress.me\/index.php?rest_route=\/wp\/v2\/pages\/1149\/revisions"}],"predecessor-version":[{"id":1186,"href":"https:\/\/smart2charge.hftstuttgart.hostpress.me\/index.php?rest_route=\/wp\/v2\/pages\/1149\/revisions\/1186"}],"wp:attachment":[{"href":"https:\/\/smart2charge.hftstuttgart.hostpress.me\/index.php?rest_route=%2Fwp%2Fv2%2Fmedia&parent=1149"}],"curies":[{"name":"wp","href":"https:\/\/api.w.org\/{rel}","templated":true}]}}